{"id":5200,"date":"2022-09-22T15:39:22","date_gmt":"2022-09-22T13:39:22","guid":{"rendered":"https:\/\/www.metzgerei-haemmerli.ch\/probon\/"},"modified":"2025-11-20T15:14:45","modified_gmt":"2025-11-20T14:14:45","slug":"probon","status":"publish","type":"page","link":"https:\/\/www.metzgerei-haemmerli.ch\/fr\/probon\/","title":{"rendered":"ProBon"},"content":{"rendered":"\t\t<div data-elementor-type=\"wp-page\" data-elementor-id=\"5200\" class=\"elementor elementor-5200 elementor-2758\">\n\t\t\t\t\t\t<section class=\"elementor-section elementor-top-section elementor-element elementor-element-dc3fbaf elementor-section-stretched elementor-section-full_width elementor-section-height-default elementor-section-height-default\" data-id=\"dc3fbaf\" data-element_type=\"section\" data-e-type=\"section\" data-settings=\"{&quot;stretch_section&quot;:&quot;section-stretched&quot;,&quot;background_background&quot;:&quot;classic&quot;}\">\n\t\t\t\t\t\t<div class=\"elementor-container elementor-column-gap-no\">\n\t\t\t\t\t<div class=\"elementor-column elementor-col-100 elementor-top-column elementor-element elementor-element-6714825\" data-id=\"6714825\" data-element_type=\"column\" data-e-type=\"column\">\n\t\t\t<div class=\"elementor-widget-wrap elementor-element-populated\">\n\t\t\t\t\t\t<div class=\"elementor-element elementor-element-43c295c elementor-widget elementor-widget-spacer\" data-id=\"43c295c\" data-element_type=\"widget\" data-e-type=\"widget\" data-widget_type=\"spacer.default\">\n\t\t\t\t<div class=\"elementor-widget-container\">\n\t\t\t\t\t\t\t<div class=\"elementor-spacer\">\n\t\t\t<div class=\"elementor-spacer-inner\"><\/div>\n\t\t<\/div>\n\t\t\t\t\t\t<\/div>\n\t\t\t\t<\/div>\n\t\t\t\t\t<\/div>\n\t\t<\/div>\n\t\t\t\t\t<\/div>\n\t\t<\/section>\n\t\t\t\t<section class=\"elementor-section elementor-top-section elementor-element elementor-element-5e2b2a2 elementor-section-stretched elementor-section-boxed elementor-section-height-default elementor-section-height-default\" data-id=\"5e2b2a2\" data-element_type=\"section\" data-e-type=\"section\" data-settings=\"{&quot;stretch_section&quot;:&quot;section-stretched&quot;,&quot;background_background&quot;:&quot;gradient&quot;}\">\n\t\t\t\t\t\t<div class=\"elementor-container elementor-column-gap-wide\">\n\t\t\t\t\t<div class=\"elementor-column elementor-col-100 elementor-top-column elementor-element elementor-element-0d76da1\" data-id=\"0d76da1\" data-element_type=\"column\" data-e-type=\"column\">\n\t\t\t<div class=\"elementor-widget-wrap elementor-element-populated\">\n\t\t\t\t\t\t<div class=\"elementor-element elementor-element-0230fea elementor-widget elementor-widget-heading\" data-id=\"0230fea\" data-element_type=\"widget\" data-e-type=\"widget\" data-widget_type=\"heading.default\">\n\t\t\t\t<div class=\"elementor-widget-container\">\n\t\t\t\t\t<h4 class=\"elementor-heading-title elementor-size-default\">Wir danken unseren treuen Kunden \u2014<\/h4>\t\t\t\t<\/div>\n\t\t\t\t<\/div>\n\t\t\t\t<div class=\"elementor-element elementor-element-f38b9ff elementor-widget elementor-widget-heading\" data-id=\"f38b9ff\" data-element_type=\"widget\" data-e-type=\"widget\" data-widget_type=\"heading.default\">\n\t\t\t\t<div class=\"elementor-widget-container\">\n\t\t\t\t\t<h2 class=\"elementor-heading-title elementor-size-default\">Le ProBon<\/h2>\t\t\t\t<\/div>\n\t\t\t\t<\/div>\n\t\t\t\t<div class=\"elementor-element elementor-element-9afbc92 elementor-widget elementor-widget-text-editor\" data-id=\"9afbc92\" data-element_type=\"widget\" data-e-type=\"widget\" data-widget_type=\"text-editor.default\">\n\t\t\t\t<div class=\"elementor-widget-container\">\n\t\t\t\t\t\t\t\t\t<p>Le ProBon est un remerciement que les commerces sp\u00e9cialis\u00e9s adressent \u00e0 leurs clients. Il ne vous engage \u00e0 rien et son fonctionnement est tr\u00e8s simple, raison pour laquelle il est aussi appr\u00e9ci\u00e9 et de nombreuses personnes en collectionnent d\u00e9j\u00e0.<\/p>\t\t\t\t\t\t\t\t<\/div>\n\t\t\t\t<\/div>\n\t\t\t\t<div class=\"elementor-element elementor-element-c931586 elementor-widget elementor-widget-heading\" data-id=\"c931586\" data-element_type=\"widget\" data-e-type=\"widget\" data-widget_type=\"heading.default\">\n\t\t\t\t<div class=\"elementor-widget-container\">\n\t\t\t\t\t<h4 class=\"elementor-heading-title elementor-size-default\">Fonctionnement du ProBon<\/h4>\t\t\t\t<\/div>\n\t\t\t\t<\/div>\n\t\t\t\t<div class=\"elementor-element elementor-element-6c00d13 elementor-widget elementor-widget-text-editor\" data-id=\"6c00d13\" data-element_type=\"widget\" data-e-type=\"widget\" data-widget_type=\"text-editor.default\">\n\t\t\t\t<div class=\"elementor-widget-container\">\n\t\t\t\t\t\t\t\t\t<p>Pour chaque tranche de dix francs d\u2019achats, les clients et clientes re\u00e7oivent un ProBon de 10 points, qu\u2019ils collent sur la carte.<\/p><p>Les cartes remplies peuvent \u00eatre \u00e9chang\u00e9es dans chaque commerce partenaire ProBon.<\/p><p>Les clients et clientes re\u00e7oivent 10 francs comptant ou des marchandises de la m\u00eame valeur pour chaque carte remplie.<\/p><p>Chez nous \u00e0 la boucherie, les clients et clientes re\u00e7oivent toujours les ProBon : En payant comptant ou par carte de d\u00e9bit (Maestro, Postcard, ec-direct) mais \u00e9galement lorsqu\u2019ils paient au moyen d\u2019une carte ProBon compl\u00e8te.<\/p><p>La validit\u00e9 de la carte n\u2019est pas limit\u00e9e temporellement ou g\u00e9ographiquement. Vous pouvez l\u2019encaisser dans le commerce partenaire de votre choix.<\/p>\t\t\t\t\t\t\t\t<\/div>\n\t\t\t\t<\/div>\n\t\t\t\t<div class=\"elementor-element elementor-element-6598067 elementor-widget elementor-widget-heading\" data-id=\"6598067\" data-element_type=\"widget\" data-e-type=\"widget\" data-widget_type=\"heading.default\">\n\t\t\t\t<div class=\"elementor-widget-container\">\n\t\t\t\t\t<h4 class=\"elementor-heading-title elementor-size-default\">Notre programme d\u2019activit\u00e9:<\/h4>\t\t\t\t<\/div>\n\t\t\t\t<\/div>\n\t\t\t\t<div class=\"elementor-element elementor-element-c07ea09 elementor-widget elementor-widget-text-editor\" data-id=\"c07ea09\" data-element_type=\"widget\" data-e-type=\"widget\" data-widget_type=\"text-editor.default\">\n\t\t\t\t<div class=\"elementor-widget-container\">\n\t\t\t\t\t\t\t\t\t<table style=\"width: 400px;\"><tbody><tr><td>27\/28 mars<\/td><td>ProBon en double<\/td><\/tr><tr><td>26\/27 juin<\/td><td>ProBon en double<\/td><\/tr><tr><td>7 juillet<\/td><td>Excursion dans l\u2019Europapark \u00e0 Rust<\/td><\/tr><tr><td>28\/29 ao\u00fbt<\/td><td>ProBon en double<\/td><\/tr><tr><td>27\/28 novembre<\/td><td>ProBon en double<\/td><\/tr><tr><td>1 \u2013 31 d\u00e9cembre<\/td><td>Promotion de No\u00ebl<\/td><\/tr><\/tbody><\/table><p>Vous trouverez des plus amples informations sur\u00a0<a href=\"https:\/\/www.probon.ch\" target=\"_blank\" rel=\"noopener\">www.probon.ch<\/a><\/p>\t\t\t\t\t\t\t\t<\/div>\n\t\t\t\t<\/div>\n\t\t\t\t\t<\/div>\n\t\t<\/div>\n\t\t\t\t\t<\/div>\n\t\t<\/section>\n\t\t\t\t<section class=\"elementor-section elementor-top-section elementor-element elementor-element-15a7098a elementor-section-stretched elementor-section-boxed elementor-section-height-default elementor-section-height-default\" data-id=\"15a7098a\" data-element_type=\"section\" data-e-type=\"section\" data-settings=\"{&quot;stretch_section&quot;:&quot;section-stretched&quot;,&quot;background_background&quot;:&quot;gradient&quot;}\">\n\t\t\t\t\t\t<div class=\"elementor-container elementor-column-gap-wide\">\n\t\t\t\t\t<div class=\"elementor-column elementor-col-100 elementor-top-column elementor-element elementor-element-7fdca293\" data-id=\"7fdca293\" data-element_type=\"column\" data-e-type=\"column\">\n\t\t\t<div class=\"elementor-widget-wrap elementor-element-populated\">\n\t\t\t\t\t\t<div class=\"elementor-element elementor-element-6f3f3e36 elementor-widget elementor-widget-spacer\" data-id=\"6f3f3e36\" data-element_type=\"widget\" data-e-type=\"widget\" data-widget_type=\"spacer.default\">\n\t\t\t\t<div class=\"elementor-widget-container\">\n\t\t\t\t\t\t\t<div class=\"elementor-spacer\">\n\t\t\t<div class=\"elementor-spacer-inner\"><\/div>\n\t\t<\/div>\n\t\t\t\t\t\t<\/div>\n\t\t\t\t<\/div>\n\t\t\t\t\t<\/div>\n\t\t<\/div>\n\t\t\t\t\t<\/div>\n\t\t<\/section>\n\t\t\t\t<section class=\"elementor-section elementor-top-section elementor-element elementor-element-7e13664 elementor-section-stretched elementor-section-boxed elementor-section-height-default elementor-section-height-default\" data-id=\"7e13664\" data-element_type=\"section\" data-e-type=\"section\" data-settings=\"{&quot;stretch_section&quot;:&quot;section-stretched&quot;,&quot;background_background&quot;:&quot;classic&quot;}\">\n\t\t\t\t\t\t<div class=\"elementor-container elementor-column-gap-wide\">\n\t\t\t\t\t<div class=\"elementor-column elementor-col-100 elementor-top-column elementor-element elementor-element-386ad54\" data-id=\"386ad54\" data-element_type=\"column\" data-e-type=\"column\">\n\t\t\t<div class=\"elementor-widget-wrap elementor-element-populated\">\n\t\t\t\t\t\t<div class=\"elementor-element elementor-element-c38d661 elementor-widget elementor-widget-image\" data-id=\"c38d661\" data-element_type=\"widget\" data-e-type=\"widget\" data-widget_type=\"image.default\">\n\t\t\t\t<div class=\"elementor-widget-container\">\n\t\t\t\t\t\t\t\t\t\t\t\t\t\t\t<img fetchpriority=\"high\" decoding=\"async\" width=\"669\" height=\"167\" src=\"https:\/\/www.metzgerei-haemmerli.ch\/wp-content\/uploads\/probon-page.jpg\" class=\"attachment-full size-full wp-image-2773\" alt=\"ProBon\" srcset=\"https:\/\/www.metzgerei-haemmerli.ch\/wp-content\/uploads\/probon-page.jpg 669w, https:\/\/www.metzgerei-haemmerli.ch\/wp-content\/uploads\/probon-page-300x75.jpg 300w\" sizes=\"(max-width: 669px) 100vw, 669px\" \/>\t\t\t\t\t\t\t\t\t\t\t\t\t\t\t<\/div>\n\t\t\t\t<\/div>\n\t\t\t\t\t<\/div>\n\t\t<\/div>\n\t\t\t\t\t<\/div>\n\t\t<\/section>\n\t\t\t\t<\/div>\n\t\t","protected":false},"excerpt":{"rendered":"<p>Wir danken unseren treuen Kunden \u2014 Le ProBon Le ProBon est un remerciement que les commerces sp\u00e9cialis\u00e9s adressent \u00e0 leurs clients. Il ne vous engage \u00e0 rien et son fonctionnement est tr\u00e8s simple, raison pour laquelle il est aussi appr\u00e9ci\u00e9 et de nombreuses personnes en collectionnent d\u00e9j\u00e0. Fonctionnement du ProBon Pour chaque tranche de dix [&hellip;]<\/p>\n","protected":false},"author":1,"featured_media":0,"parent":0,"menu_order":6,"comment_status":"closed","ping_status":"closed","template":"tpl-default-elementor.php","meta":{"footnotes":""},"class_list":["post-5200","page","type-page","status-publish","hentry"],"yoast_head":"<!-- This site is optimized with the Yoast SEO plugin v27.3 - https:\/\/yoast.com\/product\/yoast-seo-wordpress\/ -->\n<title>ProBon - Metzgerei H\u00e4mmerli<\/title>\n<meta name=\"robots\" content=\"index, follow, max-snippet:-1, max-image-preview:large, max-video-preview:-1\" \/>\n<link rel=\"canonical\" href=\"https:\/\/www.metzgerei-haemmerli.ch\/fr\/probon\/\" \/>\n<meta property=\"og:locale\" content=\"fr_FR\" \/>\n<meta property=\"og:type\" content=\"article\" \/>\n<meta property=\"og:title\" content=\"ProBon - Metzgerei H\u00e4mmerli\" \/>\n<meta property=\"og:description\" content=\"Wir danken unseren treuen Kunden \u2014 Le ProBon Le ProBon est un remerciement que les commerces sp\u00e9cialis\u00e9s adressent \u00e0 leurs clients. Il ne vous engage \u00e0 rien et son fonctionnement est tr\u00e8s simple, raison pour laquelle il est aussi appr\u00e9ci\u00e9 et de nombreuses personnes en collectionnent d\u00e9j\u00e0. Fonctionnement du ProBon Pour chaque tranche de dix [&hellip;]\" \/>\n<meta property=\"og:url\" content=\"https:\/\/www.metzgerei-haemmerli.ch\/fr\/probon\/\" \/>\n<meta property=\"og:site_name\" content=\"Metzgerei H\u00e4mmerli\" \/>\n<meta property=\"article:publisher\" content=\"https:\/\/www.facebook.com\/metzgerei.haemmerli\" \/>\n<meta property=\"article:modified_time\" content=\"2025-11-20T14:14:45+00:00\" \/>\n<meta property=\"og:image\" content=\"https:\/\/www.metzgerei-haemmerli.ch\/wp-content\/uploads\/probon-page.jpg\" \/>\n\t<meta property=\"og:image:width\" content=\"669\" \/>\n\t<meta property=\"og:image:height\" content=\"167\" \/>\n\t<meta property=\"og:image:type\" content=\"image\/jpeg\" \/>\n<meta name=\"twitter:card\" content=\"summary_large_image\" \/>\n<meta name=\"twitter:label1\" content=\"Dur\u00e9e de lecture estim\u00e9e\" \/>\n\t<meta name=\"twitter:data1\" content=\"2 minutes\" \/>\n<script type=\"application\/ld+json\" class=\"yoast-schema-graph\">{\"@context\":\"https:\\\/\\\/schema.org\",\"@graph\":[{\"@type\":\"WebPage\",\"@id\":\"https:\\\/\\\/www.metzgerei-haemmerli.ch\\\/fr\\\/probon\\\/\",\"url\":\"https:\\\/\\\/www.metzgerei-haemmerli.ch\\\/fr\\\/probon\\\/\",\"name\":\"ProBon - Metzgerei H\u00e4mmerli\",\"isPartOf\":{\"@id\":\"https:\\\/\\\/www.metzgerei-haemmerli.ch\\\/fr\\\/#website\"},\"primaryImageOfPage\":{\"@id\":\"https:\\\/\\\/www.metzgerei-haemmerli.ch\\\/fr\\\/probon\\\/#primaryimage\"},\"image\":{\"@id\":\"https:\\\/\\\/www.metzgerei-haemmerli.ch\\\/fr\\\/probon\\\/#primaryimage\"},\"thumbnailUrl\":\"https:\\\/\\\/www.metzgerei-haemmerli.ch\\\/wp-content\\\/uploads\\\/probon-page.jpg\",\"datePublished\":\"2022-09-22T13:39:22+00:00\",\"dateModified\":\"2025-11-20T14:14:45+00:00\",\"breadcrumb\":{\"@id\":\"https:\\\/\\\/www.metzgerei-haemmerli.ch\\\/fr\\\/probon\\\/#breadcrumb\"},\"inLanguage\":\"fr-FR\",\"potentialAction\":[{\"@type\":\"ReadAction\",\"target\":[\"https:\\\/\\\/www.metzgerei-haemmerli.ch\\\/fr\\\/probon\\\/\"]}]},{\"@type\":\"ImageObject\",\"inLanguage\":\"fr-FR\",\"@id\":\"https:\\\/\\\/www.metzgerei-haemmerli.ch\\\/fr\\\/probon\\\/#primaryimage\",\"url\":\"https:\\\/\\\/www.metzgerei-haemmerli.ch\\\/wp-content\\\/uploads\\\/probon-page.jpg\",\"contentUrl\":\"https:\\\/\\\/www.metzgerei-haemmerli.ch\\\/wp-content\\\/uploads\\\/probon-page.jpg\"},{\"@type\":\"BreadcrumbList\",\"@id\":\"https:\\\/\\\/www.metzgerei-haemmerli.ch\\\/fr\\\/probon\\\/#breadcrumb\",\"itemListElement\":[{\"@type\":\"ListItem\",\"position\":1,\"name\":\"Home\",\"item\":\"https:\\\/\\\/www.metzgerei-haemmerli.ch\\\/fr\\\/\"},{\"@type\":\"ListItem\",\"position\":2,\"name\":\"ProBon\"}]},{\"@type\":\"WebSite\",\"@id\":\"https:\\\/\\\/www.metzgerei-haemmerli.ch\\\/fr\\\/#website\",\"url\":\"https:\\\/\\\/www.metzgerei-haemmerli.ch\\\/fr\\\/\",\"name\":\"Metzgerei H\u00e4mmerli\",\"description\":\"Ihr Fachmann f\u00fcr guten Geschmack\",\"publisher\":{\"@id\":\"https:\\\/\\\/www.metzgerei-haemmerli.ch\\\/fr\\\/#organization\"},\"potentialAction\":[{\"@type\":\"SearchAction\",\"target\":{\"@type\":\"EntryPoint\",\"urlTemplate\":\"https:\\\/\\\/www.metzgerei-haemmerli.ch\\\/fr\\\/?s={search_term_string}\"},\"query-input\":{\"@type\":\"PropertyValueSpecification\",\"valueRequired\":true,\"valueName\":\"search_term_string\"}}],\"inLanguage\":\"fr-FR\"},{\"@type\":\"Organization\",\"@id\":\"https:\\\/\\\/www.metzgerei-haemmerli.ch\\\/fr\\\/#organization\",\"name\":\"Metzgerei H\u00e4mmerli\",\"url\":\"https:\\\/\\\/www.metzgerei-haemmerli.ch\\\/fr\\\/\",\"logo\":{\"@type\":\"ImageObject\",\"inLanguage\":\"fr-FR\",\"@id\":\"https:\\\/\\\/www.metzgerei-haemmerli.ch\\\/fr\\\/#\\\/schema\\\/logo\\\/image\\\/\",\"url\":\"https:\\\/\\\/www.metzgerei-haemmerli.ch\\\/wp-content\\\/uploads\\\/hammerli_logo_rosso_h200.png\",\"contentUrl\":\"https:\\\/\\\/www.metzgerei-haemmerli.ch\\\/wp-content\\\/uploads\\\/hammerli_logo_rosso_h200.png\",\"width\":919,\"height\":200,\"caption\":\"Metzgerei H\u00e4mmerli\"},\"image\":{\"@id\":\"https:\\\/\\\/www.metzgerei-haemmerli.ch\\\/fr\\\/#\\\/schema\\\/logo\\\/image\\\/\"},\"sameAs\":[\"https:\\\/\\\/www.facebook.com\\\/metzgerei.haemmerli\"]}]}<\/script>\n<!-- \/ Yoast SEO plugin. -->","yoast_head_json":{"title":"ProBon - Metzgerei H\u00e4mmerli","robots":{"index":"index","follow":"follow","max-snippet":"max-snippet:-1","max-image-preview":"max-image-preview:large","max-video-preview":"max-video-preview:-1"},"canonical":"https:\/\/www.metzgerei-haemmerli.ch\/fr\/probon\/","og_locale":"fr_FR","og_type":"article","og_title":"ProBon - Metzgerei H\u00e4mmerli","og_description":"Wir danken unseren treuen Kunden \u2014 Le ProBon Le ProBon est un remerciement que les commerces sp\u00e9cialis\u00e9s adressent \u00e0 leurs clients. Il ne vous engage \u00e0 rien et son fonctionnement est tr\u00e8s simple, raison pour laquelle il est aussi appr\u00e9ci\u00e9 et de nombreuses personnes en collectionnent d\u00e9j\u00e0. Fonctionnement du ProBon Pour chaque tranche de dix [&hellip;]","og_url":"https:\/\/www.metzgerei-haemmerli.ch\/fr\/probon\/","og_site_name":"Metzgerei H\u00e4mmerli","article_publisher":"https:\/\/www.facebook.com\/metzgerei.haemmerli","article_modified_time":"2025-11-20T14:14:45+00:00","og_image":[{"width":669,"height":167,"url":"https:\/\/www.metzgerei-haemmerli.ch\/wp-content\/uploads\/probon-page.jpg","type":"image\/jpeg"}],"twitter_card":"summary_large_image","twitter_misc":{"Dur\u00e9e de lecture estim\u00e9e":"2 minutes"},"schema":{"@context":"https:\/\/schema.org","@graph":[{"@type":"WebPage","@id":"https:\/\/www.metzgerei-haemmerli.ch\/fr\/probon\/","url":"https:\/\/www.metzgerei-haemmerli.ch\/fr\/probon\/","name":"ProBon - Metzgerei H\u00e4mmerli","isPartOf":{"@id":"https:\/\/www.metzgerei-haemmerli.ch\/fr\/#website"},"primaryImageOfPage":{"@id":"https:\/\/www.metzgerei-haemmerli.ch\/fr\/probon\/#primaryimage"},"image":{"@id":"https:\/\/www.metzgerei-haemmerli.ch\/fr\/probon\/#primaryimage"},"thumbnailUrl":"https:\/\/www.metzgerei-haemmerli.ch\/wp-content\/uploads\/probon-page.jpg","datePublished":"2022-09-22T13:39:22+00:00","dateModified":"2025-11-20T14:14:45+00:00","breadcrumb":{"@id":"https:\/\/www.metzgerei-haemmerli.ch\/fr\/probon\/#breadcrumb"},"inLanguage":"fr-FR","potentialAction":[{"@type":"ReadAction","target":["https:\/\/www.metzgerei-haemmerli.ch\/fr\/probon\/"]}]},{"@type":"ImageObject","inLanguage":"fr-FR","@id":"https:\/\/www.metzgerei-haemmerli.ch\/fr\/probon\/#primaryimage","url":"https:\/\/www.metzgerei-haemmerli.ch\/wp-content\/uploads\/probon-page.jpg","contentUrl":"https:\/\/www.metzgerei-haemmerli.ch\/wp-content\/uploads\/probon-page.jpg"},{"@type":"BreadcrumbList","@id":"https:\/\/www.metzgerei-haemmerli.ch\/fr\/probon\/#breadcrumb","itemListElement":[{"@type":"ListItem","position":1,"name":"Home","item":"https:\/\/www.metzgerei-haemmerli.ch\/fr\/"},{"@type":"ListItem","position":2,"name":"ProBon"}]},{"@type":"WebSite","@id":"https:\/\/www.metzgerei-haemmerli.ch\/fr\/#website","url":"https:\/\/www.metzgerei-haemmerli.ch\/fr\/","name":"Metzgerei H\u00e4mmerli","description":"Ihr Fachmann f\u00fcr guten Geschmack","publisher":{"@id":"https:\/\/www.metzgerei-haemmerli.ch\/fr\/#organization"},"potentialAction":[{"@type":"SearchAction","target":{"@type":"EntryPoint","urlTemplate":"https:\/\/www.metzgerei-haemmerli.ch\/fr\/?s={search_term_string}"},"query-input":{"@type":"PropertyValueSpecification","valueRequired":true,"valueName":"search_term_string"}}],"inLanguage":"fr-FR"},{"@type":"Organization","@id":"https:\/\/www.metzgerei-haemmerli.ch\/fr\/#organization","name":"Metzgerei H\u00e4mmerli","url":"https:\/\/www.metzgerei-haemmerli.ch\/fr\/","logo":{"@type":"ImageObject","inLanguage":"fr-FR","@id":"https:\/\/www.metzgerei-haemmerli.ch\/fr\/#\/schema\/logo\/image\/","url":"https:\/\/www.metzgerei-haemmerli.ch\/wp-content\/uploads\/hammerli_logo_rosso_h200.png","contentUrl":"https:\/\/www.metzgerei-haemmerli.ch\/wp-content\/uploads\/hammerli_logo_rosso_h200.png","width":919,"height":200,"caption":"Metzgerei H\u00e4mmerli"},"image":{"@id":"https:\/\/www.metzgerei-haemmerli.ch\/fr\/#\/schema\/logo\/image\/"},"sameAs":["https:\/\/www.facebook.com\/metzgerei.haemmerli"]}]}},"_links":{"self":[{"href":"https:\/\/www.metzgerei-haemmerli.ch\/fr\/wp-json\/wp\/v2\/pages\/5200","targetHints":{"allow":["GET"]}}],"collection":[{"href":"https:\/\/www.metzgerei-haemmerli.ch\/fr\/wp-json\/wp\/v2\/pages"}],"about":[{"href":"https:\/\/www.metzgerei-haemmerli.ch\/fr\/wp-json\/wp\/v2\/types\/page"}],"author":[{"embeddable":true,"href":"https:\/\/www.metzgerei-haemmerli.ch\/fr\/wp-json\/wp\/v2\/users\/1"}],"replies":[{"embeddable":true,"href":"https:\/\/www.metzgerei-haemmerli.ch\/fr\/wp-json\/wp\/v2\/comments?post=5200"}],"version-history":[{"count":11,"href":"https:\/\/www.metzgerei-haemmerli.ch\/fr\/wp-json\/wp\/v2\/pages\/5200\/revisions"}],"predecessor-version":[{"id":8430,"href":"https:\/\/www.metzgerei-haemmerli.ch\/fr\/wp-json\/wp\/v2\/pages\/5200\/revisions\/8430"}],"wp:attachment":[{"href":"https:\/\/www.metzgerei-haemmerli.ch\/fr\/wp-json\/wp\/v2\/media?parent=5200"}],"curies":[{"name":"wp","href":"https:\/\/api.w.org\/{rel}","templated":true}]}}