{"id":5157,"date":"2022-09-06T16:18:51","date_gmt":"2022-09-06T14:18:51","guid":{"rendered":"https:\/\/www.metzgerei-haemmerli.ch\/notre-gamme\/viande-fraiche\/eisser-rind\/"},"modified":"2025-11-20T15:17:04","modified_gmt":"2025-11-20T14:17:04","slug":"eisser-rind","status":"publish","type":"page","link":"https:\/\/www.metzgerei-haemmerli.ch\/fr\/notre-gamme\/viande-fraiche\/eisser-rind\/","title":{"rendered":"Eisser Rind"},"content":{"rendered":"\t\t<div data-elementor-type=\"wp-page\" data-elementor-id=\"5157\" class=\"elementor elementor-5157 elementor-2282\">\n\t\t\t\t\t\t<section class=\"elementor-section elementor-top-section elementor-element elementor-element-dc3fbaf elementor-section-stretched elementor-section-full_width elementor-section-height-default elementor-section-height-default\" data-id=\"dc3fbaf\" data-element_type=\"section\" data-e-type=\"section\" data-settings=\"{&quot;stretch_section&quot;:&quot;section-stretched&quot;,&quot;background_background&quot;:&quot;classic&quot;}\">\n\t\t\t\t\t\t<div class=\"elementor-container elementor-column-gap-no\">\n\t\t\t\t\t<div class=\"elementor-column elementor-col-100 elementor-top-column elementor-element elementor-element-6714825\" data-id=\"6714825\" data-element_type=\"column\" data-e-type=\"column\">\n\t\t\t<div class=\"elementor-widget-wrap elementor-element-populated\">\n\t\t\t\t\t\t<div class=\"elementor-element elementor-element-43c295c elementor-widget elementor-widget-spacer\" data-id=\"43c295c\" data-element_type=\"widget\" data-e-type=\"widget\" data-widget_type=\"spacer.default\">\n\t\t\t\t<div class=\"elementor-widget-container\">\n\t\t\t\t\t\t\t<div class=\"elementor-spacer\">\n\t\t\t<div class=\"elementor-spacer-inner\"><\/div>\n\t\t<\/div>\n\t\t\t\t\t\t<\/div>\n\t\t\t\t<\/div>\n\t\t\t\t\t<\/div>\n\t\t<\/div>\n\t\t\t\t\t<\/div>\n\t\t<\/section>\n\t\t\t\t<section class=\"elementor-section elementor-top-section elementor-element elementor-element-5e2b2a2 elementor-section-stretched elementor-section-boxed elementor-section-height-default elementor-section-height-default\" data-id=\"5e2b2a2\" data-element_type=\"section\" data-e-type=\"section\" data-settings=\"{&quot;stretch_section&quot;:&quot;section-stretched&quot;,&quot;background_background&quot;:&quot;gradient&quot;}\">\n\t\t\t\t\t\t<div class=\"elementor-container elementor-column-gap-wide\">\n\t\t\t\t\t<div class=\"elementor-column elementor-col-100 elementor-top-column elementor-element elementor-element-0d76da1\" data-id=\"0d76da1\" data-element_type=\"column\" data-e-type=\"column\">\n\t\t\t<div class=\"elementor-widget-wrap elementor-element-populated\">\n\t\t\t\t\t\t<div class=\"elementor-element elementor-element-0230fea elementor-widget elementor-widget-heading\" data-id=\"0230fea\" data-element_type=\"widget\" data-e-type=\"widget\" data-widget_type=\"heading.default\">\n\t\t\t\t<div class=\"elementor-widget-container\">\n\t\t\t\t\t<h4 class=\"elementor-heading-title elementor-size-default\">Rindfleisch aus der region \u2014<\/h4>\t\t\t\t<\/div>\n\t\t\t\t<\/div>\n\t\t\t\t<div class=\"elementor-element elementor-element-f38b9ff elementor-widget elementor-widget-heading\" data-id=\"f38b9ff\" data-element_type=\"widget\" data-e-type=\"widget\" data-widget_type=\"heading.default\">\n\t\t\t\t<div class=\"elementor-widget-container\">\n\t\t\t\t\t<h2 class=\"elementor-heading-title elementor-size-default\">Eisser Rind<\/h2>\t\t\t\t<\/div>\n\t\t\t\t<\/div>\n\t\t\t\t<div class=\"elementor-element elementor-element-9afbc92 elementor-widget elementor-widget-text-editor\" data-id=\"9afbc92\" data-element_type=\"widget\" data-e-type=\"widget\" data-widget_type=\"text-editor.default\">\n\t\t\t\t<div class=\"elementor-widget-container\">\n\t\t\t\t\t\t\t\t\t<p>Les animaux passent leurs quatre premiers mois de vie dans la ferme de la famille Feissli. Ils sont soign\u00e9s et contr\u00f4l\u00e9s de mani\u00e8re tr\u00e8s intensive. Apr\u00e8s les boeufs sont transf\u00e9r\u00e9s dans la ferme de la famille Gex. Sur le p\u00e2turage de Martin et Brigitte Gex, les animaux peuvent d\u00e9cider eux-m\u00eames s\u2019ils souhaitent rester \u00e0 l\u2019ext\u00e9rieur ou dans l\u2019\u00e9curie.<br \/>Avec un poids de m\u00e2t d\u2019environ 500 kg, les animaux sont abattus et apr\u00e8s trait\u00e9s dans notre boucherie.<\/p><p>La cr\u00e9ation de \u00abEisser Rind \u00bb commen\u00e7ait avec une conversation courte et un peu insignifiante entre Doris Feissli et Christoph H\u00e4mmerli. Le fondement \u00e9tait pos\u00e9, bien qu\u2019aucune des deux parties ne s\u2019est rendu compte.<br \/>D\u00e9sormais, la discussion sur le sujet de la coop\u00e9ration \u00e9tait omnipr\u00e9sente et a \u00e9t\u00e9 \u00e9voqu\u00e9e \u00e0 plusieurs reprises. Pour la r\u00e9alisation du projet \u00ab Eisser Rind \u00bb nous cherchions encore une troisi\u00e8me partie, pour que le animaux puissent rester permanent \u00e0 Ins.<\/p><p>Depuis le d\u00e9but, pour tous les participants le centre \u00e9tait le bien-\u00eatre l\u2019animal. Le bien-\u00eatre l\u2019animal est le fondement d\u2019une bonne qualit\u00e9. La qualit\u00e9 derri\u00e8re laquelle nous pouvons nous tenir \u00e0 100%.<\/p><ul><li>Beaucoup de soin et d\u2019attention pour les veaux.<\/li><li>Un grand p\u00e2turage avec une vue sur le lac de M\u00f4rat.<\/li><li>Un transport court d\u2019Ins jusq\u2019\u00e0 Grossaffoltern.<\/li><li>Un abattuage propre et rapide.<\/li><li>Temps.<\/li><li>Temps que le b\u0153uf a besoin jusqu\u2019\u00e0 ce qu\u2019il soit stock\u00e9 assez.<\/li><li>Chaque pi\u00e8ce ne sera pas vendue avant d\u2019avoir \u00e9t\u00e9 stock\u00e9e suffisamment longtemps.<\/li><\/ul><p>Depuis la quatri\u00e8me semaine de vie, les veaux vont \u00eatre surveill\u00e9s d\u2019une des trois parties de Ins. Cette observation se termine qu\u2019avec la vente \u00e0 la boucherie. Ainsi vous savez, chers clients, que la viande achet\u00e9 r\u00e9pond aux normes les plus \u00e9lev\u00e9es.<br \/>Contr\u00f4l\u00e9 par le v\u00e9t\u00e9rinaire, par le v\u00e9t\u00e9rinaire lors de l\u2019inspection d\u2019abattage, de l\u2019inspecteur des aliments et par nous-m\u00eame et nous y tenons.<\/p>\t\t\t\t\t\t\t\t<\/div>\n\t\t\t\t<\/div>\n\t\t\t\t<div class=\"elementor-element elementor-element-c931586 elementor-widget elementor-widget-heading\" data-id=\"c931586\" data-element_type=\"widget\" data-e-type=\"widget\" data-widget_type=\"heading.default\">\n\t\t\t\t<div class=\"elementor-widget-container\">\n\t\t\t\t\t<h4 class=\"elementor-heading-title elementor-size-default\">L\u2019\u00e9levage: <\/h4>\t\t\t\t<\/div>\n\t\t\t\t<\/div>\n\t\t\t\t<div class=\"elementor-element elementor-element-6c00d13 elementor-widget elementor-widget-text-editor\" data-id=\"6c00d13\" data-element_type=\"widget\" data-e-type=\"widget\" data-widget_type=\"text-editor.default\">\n\t\t\t\t<div class=\"elementor-widget-container\">\n\t\t\t\t\t\t\t\t\t<p>Les b\u0153ufs vont \u00eatre engraiss\u00e9s au bord du village de Ins et selon les directives donn\u00e9es par IP Suisse. En outre ils passent leurs journ\u00e9es dans les p\u00e2turages qui se trouve entre Ins et Br\u00fcttelen. Les animaux re\u00e7oivent de la nourriture fra\u00eeche des p\u00e2turages et des compl\u00e9ments naturels de la propre production de leur ferme.<\/p>\t\t\t\t\t\t\t\t<\/div>\n\t\t\t\t<\/div>\n\t\t\t\t<div class=\"elementor-element elementor-element-6598067 elementor-widget elementor-widget-heading\" data-id=\"6598067\" data-element_type=\"widget\" data-e-type=\"widget\" data-widget_type=\"heading.default\">\n\t\t\t\t<div class=\"elementor-widget-container\">\n\t\t\t\t\t<h4 class=\"elementor-heading-title elementor-size-default\">Le transport:<\/h4>\t\t\t\t<\/div>\n\t\t\t\t<\/div>\n\t\t\t\t<div class=\"elementor-element elementor-element-c07ea09 elementor-widget elementor-widget-text-editor\" data-id=\"c07ea09\" data-element_type=\"widget\" data-e-type=\"widget\" data-widget_type=\"text-editor.default\">\n\t\t\t\t<div class=\"elementor-widget-container\">\n\t\t\t\t\t\t\t\t\t<p>Les animaux vont \u00eatre transport\u00e9s par Max H\u00e4mmerli. Ainsi, les b\u0153ufs ont constamment une personne de r\u00e9f\u00e9rence. Pas de transports longs, comme ils font dans l\u2019\u00e9tranger voisin et lointain.<\/p>\t\t\t\t\t\t\t\t<\/div>\n\t\t\t\t<\/div>\n\t\t\t\t<div class=\"elementor-element elementor-element-b19737d elementor-widget elementor-widget-heading\" data-id=\"b19737d\" data-element_type=\"widget\" data-e-type=\"widget\" data-widget_type=\"heading.default\">\n\t\t\t\t<div class=\"elementor-widget-container\">\n\t\t\t\t\t<h4 class=\"elementor-heading-title elementor-size-default\">L\u2019abattage:<\/h4>\t\t\t\t<\/div>\n\t\t\t\t<\/div>\n\t\t\t\t<div class=\"elementor-element elementor-element-a821912 elementor-widget elementor-widget-text-editor\" data-id=\"a821912\" data-element_type=\"widget\" data-e-type=\"widget\" data-widget_type=\"text-editor.default\">\n\t\t\t\t<div class=\"elementor-widget-container\">\n\t\t\t\t\t\t\t\t\t<p>Les animaux vont \u00eatre abattus \u00e0 la boucherie Widmer \u00e0 Grossaffoltern.<\/p>\t\t\t\t\t\t\t\t<\/div>\n\t\t\t\t<\/div>\n\t\t\t\t<div class=\"elementor-element elementor-element-aa1fc27 elementor-widget elementor-widget-heading\" data-id=\"aa1fc27\" data-element_type=\"widget\" data-e-type=\"widget\" data-widget_type=\"heading.default\">\n\t\t\t\t<div class=\"elementor-widget-container\">\n\t\t\t\t\t<h4 class=\"elementor-heading-title elementor-size-default\">D\u00e9sossage:<\/h4>\t\t\t\t<\/div>\n\t\t\t\t<\/div>\n\t\t\t\t<div class=\"elementor-element elementor-element-974fb42 elementor-widget elementor-widget-text-editor\" data-id=\"974fb42\" data-element_type=\"widget\" data-e-type=\"widget\" data-widget_type=\"text-editor.default\">\n\t\t\t\t<div class=\"elementor-widget-container\">\n\t\t\t\t\t\t\t\t\t<p>Le d\u00e9sossage, le traitement et le raffinage vont \u00eatre faits chez nous \u00e0 la boucherie H\u00e4mmerli. Des pi\u00e8ces d\u00e9licates comme l\u2019entrec\u00f4te, le filet et le rumpsteak sont m\u00fbries sur l\u2019os pendant un moment avant d\u2019\u00eatre d\u00e9soss\u00e9 et stock\u00e9es. D\u2019autres morceaux tels que la viande bouillie, l\u2019\u00e9paule r\u00f4tie et la viande en tranches sont soigneusement habill\u00e9s puis pr\u00e9sent\u00e9s sous forme de buffet. La viande hach\u00e9e est vendue directement ou transform\u00e9e en saucisse Eisser ou Eisser Burger.Qu\u2019il s\u2019agisse de l\u2019\u00e9minc\u00e9, de la viande hach\u00e9e ou bien d\u2019une saucisse Eisser \u00e0 manger cr\u00fb, la viande va \u00eatre utilis\u00e9e optimal.<\/p>\t\t\t\t\t\t\t\t<\/div>\n\t\t\t\t<\/div>\n\t\t\t\t<div class=\"elementor-element elementor-element-a8e7a1e elementor-widget elementor-widget-heading\" data-id=\"a8e7a1e\" data-element_type=\"widget\" data-e-type=\"widget\" data-widget_type=\"heading.default\">\n\t\t\t\t<div class=\"elementor-widget-container\">\n\t\t\t\t\t<h4 class=\"elementor-heading-title elementor-size-default\">Eisser Rind: Bien \u00e9lev\u00e9, bien stock\u00e9, bien conseill\u00e9!<\/h4>\t\t\t\t<\/div>\n\t\t\t\t<\/div>\n\t\t\t\t\t<\/div>\n\t\t<\/div>\n\t\t\t\t\t<\/div>\n\t\t<\/section>\n\t\t\t\t<section class=\"elementor-section elementor-top-section elementor-element elementor-element-52ed5ab elementor-section-stretched elementor-section-boxed elementor-section-height-default elementor-section-height-default\" data-id=\"52ed5ab\" data-element_type=\"section\" data-e-type=\"section\" data-settings=\"{&quot;stretch_section&quot;:&quot;section-stretched&quot;,&quot;background_background&quot;:&quot;gradient&quot;}\">\n\t\t\t\t\t\t<div class=\"elementor-container elementor-column-gap-wide\">\n\t\t\t\t\t<div class=\"elementor-column elementor-col-100 elementor-top-column elementor-element elementor-element-ae124c4\" data-id=\"ae124c4\" data-element_type=\"column\" data-e-type=\"column\">\n\t\t\t<div class=\"elementor-widget-wrap elementor-element-populated\">\n\t\t\t\t\t\t<div class=\"elementor-element elementor-element-e258e32 elementor-widget elementor-widget-spacer\" data-id=\"e258e32\" data-element_type=\"widget\" data-e-type=\"widget\" data-widget_type=\"spacer.default\">\n\t\t\t\t<div class=\"elementor-widget-container\">\n\t\t\t\t\t\t\t<div class=\"elementor-spacer\">\n\t\t\t<div class=\"elementor-spacer-inner\"><\/div>\n\t\t<\/div>\n\t\t\t\t\t\t<\/div>\n\t\t\t\t<\/div>\n\t\t\t\t\t<\/div>\n\t\t<\/div>\n\t\t\t\t\t<\/div>\n\t\t<\/section>\n\t\t\t\t<section class=\"elementor-section elementor-top-section elementor-element elementor-element-7e13664 elementor-section-stretched elementor-section-boxed elementor-section-height-default elementor-section-height-default\" data-id=\"7e13664\" data-element_type=\"section\" data-e-type=\"section\" data-settings=\"{&quot;stretch_section&quot;:&quot;section-stretched&quot;,&quot;background_background&quot;:&quot;classic&quot;}\">\n\t\t\t\t\t\t<div class=\"elementor-container elementor-column-gap-wide\">\n\t\t\t\t\t<div class=\"elementor-column elementor-col-100 elementor-top-column elementor-element elementor-element-386ad54\" data-id=\"386ad54\" data-element_type=\"column\" data-e-type=\"column\">\n\t\t\t<div class=\"elementor-widget-wrap elementor-element-populated\">\n\t\t\t\t\t\t<div class=\"elementor-element elementor-element-1c6e546 elementor-widget elementor-widget-corvex_h3_gallery\" data-id=\"1c6e546\" data-element_type=\"widget\" data-e-type=\"widget\" data-widget_type=\"corvex_h3_gallery.default\">\n\t\t\t\t<div class=\"elementor-widget-container\">\n\t\t\t\t\t        \n\t\t<!--Start Gallery Area--> \n\t\t<section class=\" gallery-area\">   \n\t\t\t<div class=\"container-fluid\">\n\t\t\t\t<div class=\"row\">\n\t\t\t\t    \t\t\t\t\t<!--Start single gallery box-->\n\t\t\t\t\t<div class=\"col-xl-4 col-lg-6 col-md-6\">\n\t\t\t\t\t\t<div class=\"single-gallery-item\">\n\t\t\t\t\t\t\t<div class=\"img-holder\">\n\t\t\t\t\t\t\t\t<img decoding=\"async\" src=\"https:\/\/www.metzgerei-haemmerli.ch\/wp-content\/uploads\/eisser_rind_3-1.jpg\" alt=\"Eisser Rind\">\n\t\t\t\t\t\t\t\t<div class=\"zoom-button\">\n\t\t\t\t\t\t\t\t\t<a class=\"lightbox-image\" data-fancybox=\"gallery\" href=\"https:\/\/www.metzgerei-haemmerli.ch\/wp-content\/uploads\/eisser_rind_3-1.jpg\">\n\t\t\t\t\t\t\t\t\t\t<i class=\"flaticon-plus\"><\/i>\n\t\t\t\t\t\t\t\t\t<\/a>\n\t\t\t\t\t\t\t\t<\/div>\n\t\t\t\t\t\t\t<\/div>    \n\t\t\t\t\t\t<\/div>\n\t\t\t\t\t<\/div>\n\t\t\t\t\t<!--End single gallery box-->\n\t\t\t\t\t\t\t\t\t\t<!--Start single gallery box-->\n\t\t\t\t\t<div class=\"col-xl-4 col-lg-6 col-md-6\">\n\t\t\t\t\t\t<div class=\"single-gallery-item\">\n\t\t\t\t\t\t\t<div class=\"img-holder\">\n\t\t\t\t\t\t\t\t<img decoding=\"async\" src=\"https:\/\/www.metzgerei-haemmerli.ch\/wp-content\/uploads\/eisser_rind_2-1.jpg\" alt=\"Eisser Rind\">\n\t\t\t\t\t\t\t\t<div class=\"zoom-button\">\n\t\t\t\t\t\t\t\t\t<a class=\"lightbox-image\" data-fancybox=\"gallery\" href=\"https:\/\/www.metzgerei-haemmerli.ch\/wp-content\/uploads\/eisser_rind_2-1.jpg\">\n\t\t\t\t\t\t\t\t\t\t<i class=\"flaticon-plus\"><\/i>\n\t\t\t\t\t\t\t\t\t<\/a>\n\t\t\t\t\t\t\t\t<\/div>\n\t\t\t\t\t\t\t<\/div>    \n\t\t\t\t\t\t<\/div>\n\t\t\t\t\t<\/div>\n\t\t\t\t\t<!--End single gallery box-->\n\t\t\t\t\t\t\t\t\t\t<!--Start single gallery box-->\n\t\t\t\t\t<div class=\"col-xl-4 col-lg-6 col-md-6\">\n\t\t\t\t\t\t<div class=\"single-gallery-item\">\n\t\t\t\t\t\t\t<div class=\"img-holder\">\n\t\t\t\t\t\t\t\t<img decoding=\"async\" src=\"https:\/\/www.metzgerei-haemmerli.ch\/wp-content\/uploads\/eisser_rind_1-1.jpg\" alt=\"Eisser Rind\">\n\t\t\t\t\t\t\t\t<div class=\"zoom-button\">\n\t\t\t\t\t\t\t\t\t<a class=\"lightbox-image\" data-fancybox=\"gallery\" href=\"https:\/\/www.metzgerei-haemmerli.ch\/wp-content\/uploads\/eisser_rind_1-1.jpg\">\n\t\t\t\t\t\t\t\t\t\t<i class=\"flaticon-plus\"><\/i>\n\t\t\t\t\t\t\t\t\t<\/a>\n\t\t\t\t\t\t\t\t<\/div>\n\t\t\t\t\t\t\t<\/div>    \n\t\t\t\t\t\t<\/div>\n\t\t\t\t\t<\/div>\n\t\t\t\t\t<!--End single gallery box-->\n\t\t\t\t\t\t\t\t\t<\/div>\n\t\t\t<\/div>\n\t\t<\/section>    \n\t\t<!--End Gallery Area-->\n             \n\t\t\t\t\t\t<\/div>\n\t\t\t\t<\/div>\n\t\t\t\t\t<\/div>\n\t\t<\/div>\n\t\t\t\t\t<\/div>\n\t\t<\/section>\n\t\t\t\t<\/div>\n\t\t","protected":false},"excerpt":{"rendered":"<p>Rindfleisch aus der region \u2014 Eisser Rind Les animaux passent leurs quatre premiers mois de vie dans la ferme de la famille Feissli. Ils sont soign\u00e9s et contr\u00f4l\u00e9s de mani\u00e8re tr\u00e8s intensive. Apr\u00e8s les boeufs sont transf\u00e9r\u00e9s dans la ferme de la famille Gex. Sur le p\u00e2turage de Martin et Brigitte Gex, les animaux peuvent [&hellip;]<\/p>\n","protected":false},"author":1,"featured_media":0,"parent":5154,"menu_order":1,"comment_status":"closed","ping_status":"closed","template":"tpl-default-elementor.php","meta":{"footnotes":""},"class_list":["post-5157","page","type-page","status-publish","hentry"],"yoast_head":"<!-- This site is optimized with the Yoast SEO plugin v27.3 - https:\/\/yoast.com\/product\/yoast-seo-wordpress\/ -->\n<title>Eisser Rind - Metzgerei H\u00e4mmerli<\/title>\n<meta name=\"robots\" content=\"index, follow, max-snippet:-1, max-image-preview:large, max-video-preview:-1\" \/>\n<link rel=\"canonical\" href=\"https:\/\/www.metzgerei-haemmerli.ch\/fr\/notre-gamme\/viande-fraiche\/eisser-rind\/\" \/>\n<meta property=\"og:locale\" content=\"fr_FR\" \/>\n<meta property=\"og:type\" content=\"article\" \/>\n<meta property=\"og:title\" content=\"Eisser Rind - Metzgerei H\u00e4mmerli\" \/>\n<meta property=\"og:description\" content=\"Rindfleisch aus der region \u2014 Eisser Rind Les animaux passent leurs quatre premiers mois de vie dans la ferme de la famille Feissli. Ils sont soign\u00e9s et contr\u00f4l\u00e9s de mani\u00e8re tr\u00e8s intensive. Apr\u00e8s les boeufs sont transf\u00e9r\u00e9s dans la ferme de la famille Gex. Sur le p\u00e2turage de Martin et Brigitte Gex, les animaux peuvent [&hellip;]\" \/>\n<meta property=\"og:url\" content=\"https:\/\/www.metzgerei-haemmerli.ch\/fr\/notre-gamme\/viande-fraiche\/eisser-rind\/\" \/>\n<meta property=\"og:site_name\" content=\"Metzgerei H\u00e4mmerli\" \/>\n<meta property=\"article:publisher\" content=\"https:\/\/www.facebook.com\/metzgerei.haemmerli\" \/>\n<meta property=\"article:modified_time\" content=\"2025-11-20T14:17:04+00:00\" \/>\n<meta property=\"og:image\" content=\"https:\/\/www.metzgerei-haemmerli.ch\/wp-content\/uploads\/eisser_rind_3-1.jpg\" \/>\n<meta name=\"twitter:card\" content=\"summary_large_image\" \/>\n<meta name=\"twitter:label1\" content=\"Dur\u00e9e de lecture estim\u00e9e\" \/>\n\t<meta name=\"twitter:data1\" content=\"4 minutes\" \/>\n<script type=\"application\/ld+json\" class=\"yoast-schema-graph\">{\"@context\":\"https:\\\/\\\/schema.org\",\"@graph\":[{\"@type\":\"WebPage\",\"@id\":\"https:\\\/\\\/www.metzgerei-haemmerli.ch\\\/fr\\\/notre-gamme\\\/viande-fraiche\\\/eisser-rind\\\/\",\"url\":\"https:\\\/\\\/www.metzgerei-haemmerli.ch\\\/fr\\\/notre-gamme\\\/viande-fraiche\\\/eisser-rind\\\/\",\"name\":\"Eisser Rind - Metzgerei H\u00e4mmerli\",\"isPartOf\":{\"@id\":\"https:\\\/\\\/www.metzgerei-haemmerli.ch\\\/fr\\\/#website\"},\"primaryImageOfPage\":{\"@id\":\"https:\\\/\\\/www.metzgerei-haemmerli.ch\\\/fr\\\/notre-gamme\\\/viande-fraiche\\\/eisser-rind\\\/#primaryimage\"},\"image\":{\"@id\":\"https:\\\/\\\/www.metzgerei-haemmerli.ch\\\/fr\\\/notre-gamme\\\/viande-fraiche\\\/eisser-rind\\\/#primaryimage\"},\"thumbnailUrl\":\"https:\\\/\\\/www.metzgerei-haemmerli.ch\\\/wp-content\\\/uploads\\\/eisser_rind_3-1.jpg\",\"datePublished\":\"2022-09-06T14:18:51+00:00\",\"dateModified\":\"2025-11-20T14:17:04+00:00\",\"breadcrumb\":{\"@id\":\"https:\\\/\\\/www.metzgerei-haemmerli.ch\\\/fr\\\/notre-gamme\\\/viande-fraiche\\\/eisser-rind\\\/#breadcrumb\"},\"inLanguage\":\"fr-FR\",\"potentialAction\":[{\"@type\":\"ReadAction\",\"target\":[\"https:\\\/\\\/www.metzgerei-haemmerli.ch\\\/fr\\\/notre-gamme\\\/viande-fraiche\\\/eisser-rind\\\/\"]}]},{\"@type\":\"ImageObject\",\"inLanguage\":\"fr-FR\",\"@id\":\"https:\\\/\\\/www.metzgerei-haemmerli.ch\\\/fr\\\/notre-gamme\\\/viande-fraiche\\\/eisser-rind\\\/#primaryimage\",\"url\":\"https:\\\/\\\/www.metzgerei-haemmerli.ch\\\/wp-content\\\/uploads\\\/eisser_rind_3-1.jpg\",\"contentUrl\":\"https:\\\/\\\/www.metzgerei-haemmerli.ch\\\/wp-content\\\/uploads\\\/eisser_rind_3-1.jpg\"},{\"@type\":\"BreadcrumbList\",\"@id\":\"https:\\\/\\\/www.metzgerei-haemmerli.ch\\\/fr\\\/notre-gamme\\\/viande-fraiche\\\/eisser-rind\\\/#breadcrumb\",\"itemListElement\":[{\"@type\":\"ListItem\",\"position\":1,\"name\":\"Home\",\"item\":\"https:\\\/\\\/www.metzgerei-haemmerli.ch\\\/fr\\\/\"},{\"@type\":\"ListItem\",\"position\":2,\"name\":\"Notre Gamme\",\"item\":\"https:\\\/\\\/www.metzgerei-haemmerli.ch\\\/fr\\\/notre-gamme\\\/\"},{\"@type\":\"ListItem\",\"position\":3,\"name\":\"Viande Fra\u00eeche\",\"item\":\"https:\\\/\\\/www.metzgerei-haemmerli.ch\\\/fr\\\/notre-gamme\\\/viande-fraiche\\\/\"},{\"@type\":\"ListItem\",\"position\":4,\"name\":\"Eisser Rind\"}]},{\"@type\":\"WebSite\",\"@id\":\"https:\\\/\\\/www.metzgerei-haemmerli.ch\\\/fr\\\/#website\",\"url\":\"https:\\\/\\\/www.metzgerei-haemmerli.ch\\\/fr\\\/\",\"name\":\"Metzgerei H\u00e4mmerli\",\"description\":\"Ihr Fachmann f\u00fcr guten Geschmack\",\"publisher\":{\"@id\":\"https:\\\/\\\/www.metzgerei-haemmerli.ch\\\/fr\\\/#organization\"},\"potentialAction\":[{\"@type\":\"SearchAction\",\"target\":{\"@type\":\"EntryPoint\",\"urlTemplate\":\"https:\\\/\\\/www.metzgerei-haemmerli.ch\\\/fr\\\/?s={search_term_string}\"},\"query-input\":{\"@type\":\"PropertyValueSpecification\",\"valueRequired\":true,\"valueName\":\"search_term_string\"}}],\"inLanguage\":\"fr-FR\"},{\"@type\":\"Organization\",\"@id\":\"https:\\\/\\\/www.metzgerei-haemmerli.ch\\\/fr\\\/#organization\",\"name\":\"Metzgerei H\u00e4mmerli\",\"url\":\"https:\\\/\\\/www.metzgerei-haemmerli.ch\\\/fr\\\/\",\"logo\":{\"@type\":\"ImageObject\",\"inLanguage\":\"fr-FR\",\"@id\":\"https:\\\/\\\/www.metzgerei-haemmerli.ch\\\/fr\\\/#\\\/schema\\\/logo\\\/image\\\/\",\"url\":\"https:\\\/\\\/www.metzgerei-haemmerli.ch\\\/wp-content\\\/uploads\\\/hammerli_logo_rosso_h200.png\",\"contentUrl\":\"https:\\\/\\\/www.metzgerei-haemmerli.ch\\\/wp-content\\\/uploads\\\/hammerli_logo_rosso_h200.png\",\"width\":919,\"height\":200,\"caption\":\"Metzgerei H\u00e4mmerli\"},\"image\":{\"@id\":\"https:\\\/\\\/www.metzgerei-haemmerli.ch\\\/fr\\\/#\\\/schema\\\/logo\\\/image\\\/\"},\"sameAs\":[\"https:\\\/\\\/www.facebook.com\\\/metzgerei.haemmerli\"]}]}<\/script>\n<!-- \/ Yoast SEO plugin. -->","yoast_head_json":{"title":"Eisser Rind - Metzgerei H\u00e4mmerli","robots":{"index":"index","follow":"follow","max-snippet":"max-snippet:-1","max-image-preview":"max-image-preview:large","max-video-preview":"max-video-preview:-1"},"canonical":"https:\/\/www.metzgerei-haemmerli.ch\/fr\/notre-gamme\/viande-fraiche\/eisser-rind\/","og_locale":"fr_FR","og_type":"article","og_title":"Eisser Rind - Metzgerei H\u00e4mmerli","og_description":"Rindfleisch aus der region \u2014 Eisser Rind Les animaux passent leurs quatre premiers mois de vie dans la ferme de la famille Feissli. Ils sont soign\u00e9s et contr\u00f4l\u00e9s de mani\u00e8re tr\u00e8s intensive. Apr\u00e8s les boeufs sont transf\u00e9r\u00e9s dans la ferme de la famille Gex. Sur le p\u00e2turage de Martin et Brigitte Gex, les animaux peuvent [&hellip;]","og_url":"https:\/\/www.metzgerei-haemmerli.ch\/fr\/notre-gamme\/viande-fraiche\/eisser-rind\/","og_site_name":"Metzgerei H\u00e4mmerli","article_publisher":"https:\/\/www.facebook.com\/metzgerei.haemmerli","article_modified_time":"2025-11-20T14:17:04+00:00","og_image":[{"url":"https:\/\/www.metzgerei-haemmerli.ch\/wp-content\/uploads\/eisser_rind_3-1.jpg","type":"","width":"","height":""}],"twitter_card":"summary_large_image","twitter_misc":{"Dur\u00e9e de lecture estim\u00e9e":"4 minutes"},"schema":{"@context":"https:\/\/schema.org","@graph":[{"@type":"WebPage","@id":"https:\/\/www.metzgerei-haemmerli.ch\/fr\/notre-gamme\/viande-fraiche\/eisser-rind\/","url":"https:\/\/www.metzgerei-haemmerli.ch\/fr\/notre-gamme\/viande-fraiche\/eisser-rind\/","name":"Eisser Rind - Metzgerei H\u00e4mmerli","isPartOf":{"@id":"https:\/\/www.metzgerei-haemmerli.ch\/fr\/#website"},"primaryImageOfPage":{"@id":"https:\/\/www.metzgerei-haemmerli.ch\/fr\/notre-gamme\/viande-fraiche\/eisser-rind\/#primaryimage"},"image":{"@id":"https:\/\/www.metzgerei-haemmerli.ch\/fr\/notre-gamme\/viande-fraiche\/eisser-rind\/#primaryimage"},"thumbnailUrl":"https:\/\/www.metzgerei-haemmerli.ch\/wp-content\/uploads\/eisser_rind_3-1.jpg","datePublished":"2022-09-06T14:18:51+00:00","dateModified":"2025-11-20T14:17:04+00:00","breadcrumb":{"@id":"https:\/\/www.metzgerei-haemmerli.ch\/fr\/notre-gamme\/viande-fraiche\/eisser-rind\/#breadcrumb"},"inLanguage":"fr-FR","potentialAction":[{"@type":"ReadAction","target":["https:\/\/www.metzgerei-haemmerli.ch\/fr\/notre-gamme\/viande-fraiche\/eisser-rind\/"]}]},{"@type":"ImageObject","inLanguage":"fr-FR","@id":"https:\/\/www.metzgerei-haemmerli.ch\/fr\/notre-gamme\/viande-fraiche\/eisser-rind\/#primaryimage","url":"https:\/\/www.metzgerei-haemmerli.ch\/wp-content\/uploads\/eisser_rind_3-1.jpg","contentUrl":"https:\/\/www.metzgerei-haemmerli.ch\/wp-content\/uploads\/eisser_rind_3-1.jpg"},{"@type":"BreadcrumbList","@id":"https:\/\/www.metzgerei-haemmerli.ch\/fr\/notre-gamme\/viande-fraiche\/eisser-rind\/#breadcrumb","itemListElement":[{"@type":"ListItem","position":1,"name":"Home","item":"https:\/\/www.metzgerei-haemmerli.ch\/fr\/"},{"@type":"ListItem","position":2,"name":"Notre Gamme","item":"https:\/\/www.metzgerei-haemmerli.ch\/fr\/notre-gamme\/"},{"@type":"ListItem","position":3,"name":"Viande Fra\u00eeche","item":"https:\/\/www.metzgerei-haemmerli.ch\/fr\/notre-gamme\/viande-fraiche\/"},{"@type":"ListItem","position":4,"name":"Eisser Rind"}]},{"@type":"WebSite","@id":"https:\/\/www.metzgerei-haemmerli.ch\/fr\/#website","url":"https:\/\/www.metzgerei-haemmerli.ch\/fr\/","name":"Metzgerei H\u00e4mmerli","description":"Ihr Fachmann f\u00fcr guten Geschmack","publisher":{"@id":"https:\/\/www.metzgerei-haemmerli.ch\/fr\/#organization"},"potentialAction":[{"@type":"SearchAction","target":{"@type":"EntryPoint","urlTemplate":"https:\/\/www.metzgerei-haemmerli.ch\/fr\/?s={search_term_string}"},"query-input":{"@type":"PropertyValueSpecification","valueRequired":true,"valueName":"search_term_string"}}],"inLanguage":"fr-FR"},{"@type":"Organization","@id":"https:\/\/www.metzgerei-haemmerli.ch\/fr\/#organization","name":"Metzgerei H\u00e4mmerli","url":"https:\/\/www.metzgerei-haemmerli.ch\/fr\/","logo":{"@type":"ImageObject","inLanguage":"fr-FR","@id":"https:\/\/www.metzgerei-haemmerli.ch\/fr\/#\/schema\/logo\/image\/","url":"https:\/\/www.metzgerei-haemmerli.ch\/wp-content\/uploads\/hammerli_logo_rosso_h200.png","contentUrl":"https:\/\/www.metzgerei-haemmerli.ch\/wp-content\/uploads\/hammerli_logo_rosso_h200.png","width":919,"height":200,"caption":"Metzgerei H\u00e4mmerli"},"image":{"@id":"https:\/\/www.metzgerei-haemmerli.ch\/fr\/#\/schema\/logo\/image\/"},"sameAs":["https:\/\/www.facebook.com\/metzgerei.haemmerli"]}]}},"_links":{"self":[{"href":"https:\/\/www.metzgerei-haemmerli.ch\/fr\/wp-json\/wp\/v2\/pages\/5157","targetHints":{"allow":["GET"]}}],"collection":[{"href":"https:\/\/www.metzgerei-haemmerli.ch\/fr\/wp-json\/wp\/v2\/pages"}],"about":[{"href":"https:\/\/www.metzgerei-haemmerli.ch\/fr\/wp-json\/wp\/v2\/types\/page"}],"author":[{"embeddable":true,"href":"https:\/\/www.metzgerei-haemmerli.ch\/fr\/wp-json\/wp\/v2\/users\/1"}],"replies":[{"embeddable":true,"href":"https:\/\/www.metzgerei-haemmerli.ch\/fr\/wp-json\/wp\/v2\/comments?post=5157"}],"version-history":[{"count":8,"href":"https:\/\/www.metzgerei-haemmerli.ch\/fr\/wp-json\/wp\/v2\/pages\/5157\/revisions"}],"predecessor-version":[{"id":8439,"href":"https:\/\/www.metzgerei-haemmerli.ch\/fr\/wp-json\/wp\/v2\/pages\/5157\/revisions\/8439"}],"up":[{"embeddable":true,"href":"https:\/\/www.metzgerei-haemmerli.ch\/fr\/wp-json\/wp\/v2\/pages\/5154"}],"wp:attachment":[{"href":"https:\/\/www.metzgerei-haemmerli.ch\/fr\/wp-json\/wp\/v2\/media?parent=5157"}],"curies":[{"name":"wp","href":"https:\/\/api.w.org\/{rel}","templated":true}]}}