{"id":5154,"date":"2022-09-06T10:22:18","date_gmt":"2022-09-06T08:22:18","guid":{"rendered":"https:\/\/www.metzgerei-haemmerli.ch\/notre-gamme\/frischfleisch\/"},"modified":"2025-11-20T15:16:30","modified_gmt":"2025-11-20T14:16:30","slug":"viande-fraiche","status":"publish","type":"page","link":"https:\/\/www.metzgerei-haemmerli.ch\/fr\/notre-gamme\/viande-fraiche\/","title":{"rendered":"Viande Fra\u00eeche"},"content":{"rendered":"\t\t<div data-elementor-type=\"wp-page\" data-elementor-id=\"5154\" class=\"elementor elementor-5154 elementor-2137\">\n\t\t\t\t\t\t<section class=\"elementor-section elementor-top-section elementor-element elementor-element-dc3fbaf elementor-section-stretched elementor-section-full_width elementor-section-height-default elementor-section-height-default\" data-id=\"dc3fbaf\" data-element_type=\"section\" data-e-type=\"section\" data-settings=\"{&quot;stretch_section&quot;:&quot;section-stretched&quot;,&quot;background_background&quot;:&quot;classic&quot;}\">\n\t\t\t\t\t\t<div class=\"elementor-container elementor-column-gap-no\">\n\t\t\t\t\t<div class=\"elementor-column elementor-col-100 elementor-top-column elementor-element elementor-element-6714825\" data-id=\"6714825\" data-element_type=\"column\" data-e-type=\"column\">\n\t\t\t<div class=\"elementor-widget-wrap elementor-element-populated\">\n\t\t\t\t\t\t<div class=\"elementor-element elementor-element-43c295c elementor-widget elementor-widget-spacer\" data-id=\"43c295c\" data-element_type=\"widget\" data-e-type=\"widget\" data-widget_type=\"spacer.default\">\n\t\t\t\t<div class=\"elementor-widget-container\">\n\t\t\t\t\t\t\t<div class=\"elementor-spacer\">\n\t\t\t<div class=\"elementor-spacer-inner\"><\/div>\n\t\t<\/div>\n\t\t\t\t\t\t<\/div>\n\t\t\t\t<\/div>\n\t\t\t\t\t<\/div>\n\t\t<\/div>\n\t\t\t\t\t<\/div>\n\t\t<\/section>\n\t\t\t\t<section class=\"elementor-section elementor-top-section elementor-element elementor-element-5e2b2a2 elementor-section-stretched elementor-section-boxed elementor-section-height-default elementor-section-height-default\" data-id=\"5e2b2a2\" data-element_type=\"section\" data-e-type=\"section\" data-settings=\"{&quot;stretch_section&quot;:&quot;section-stretched&quot;,&quot;background_background&quot;:&quot;gradient&quot;}\">\n\t\t\t\t\t\t<div class=\"elementor-container elementor-column-gap-wide\">\n\t\t\t\t\t<div class=\"elementor-column elementor-col-100 elementor-top-column elementor-element elementor-element-0d76da1\" data-id=\"0d76da1\" data-element_type=\"column\" data-e-type=\"column\">\n\t\t\t<div class=\"elementor-widget-wrap elementor-element-populated\">\n\t\t\t\t\t\t<div class=\"elementor-element elementor-element-0230fea elementor-widget elementor-widget-heading\" data-id=\"0230fea\" data-element_type=\"widget\" data-e-type=\"widget\" data-widget_type=\"heading.default\">\n\t\t\t\t<div class=\"elementor-widget-container\">\n\t\t\t\t\t<h4 class=\"elementor-heading-title elementor-size-default\">Nur das Beste f\u00fcr unsere Kunden \u2014<\/h4>\t\t\t\t<\/div>\n\t\t\t\t<\/div>\n\t\t\t\t<div class=\"elementor-element elementor-element-f38b9ff elementor-widget elementor-widget-heading\" data-id=\"f38b9ff\" data-element_type=\"widget\" data-e-type=\"widget\" data-widget_type=\"heading.default\">\n\t\t\t\t<div class=\"elementor-widget-container\">\n\t\t\t\t\t<h2 class=\"elementor-heading-title elementor-size-default\">Viande fra\u00eeche<\/h2>\t\t\t\t<\/div>\n\t\t\t\t<\/div>\n\t\t\t\t<div class=\"elementor-element elementor-element-c92e69f elementor-widget elementor-widget-heading\" data-id=\"c92e69f\" data-element_type=\"widget\" data-e-type=\"widget\" data-widget_type=\"heading.default\">\n\t\t\t\t<div class=\"elementor-widget-container\">\n\t\t\t\t\t<h4 class=\"elementor-heading-title elementor-size-default\">B\u0153uf<\/h4>\t\t\t\t<\/div>\n\t\t\t\t<\/div>\n\t\t\t\t<div class=\"elementor-element elementor-element-9afbc92 elementor-widget elementor-widget-text-editor\" data-id=\"9afbc92\" data-element_type=\"widget\" data-e-type=\"widget\" data-widget_type=\"text-editor.default\">\n\t\t\t\t<div class=\"elementor-widget-container\">\n\t\t\t\t\t\t\t\t\t<p>De plus en plus les gens attachent une grande importance au d\u00e9veloppement durable, au bien-\u00eatre de l\u2019animal, \u00e0 la r\u00e9gion et aux courts transports pour les animaux pour la boucherie. Tout \u00e7a repr\u00e9sente le nom \u00ab<a href=\"\/fr\/notre-gamme\/viande-fraiche\/eisser-rind\/\">Eisser Rind<\/a>\u00bb. \u00abEiss\u00bb est le vieux nom de Ins, ce que surligne la r\u00e9gionalit\u00e9 en plus. D\u00e8s maintenant 80-90% de notre viande de b\u0153uf porte le nom de \u00abEisser Rind\u00bb. <a href=\"\/fr\/notre-gamme\/viande-fraiche\/eisser-rind\/\">\u2014 MEHR \u2014<\/a><\/p>\t\t\t\t\t\t\t\t<\/div>\n\t\t\t\t<\/div>\n\t\t\t\t<div class=\"elementor-element elementor-element-c931586 elementor-widget elementor-widget-heading\" data-id=\"c931586\" data-element_type=\"widget\" data-e-type=\"widget\" data-widget_type=\"heading.default\">\n\t\t\t\t<div class=\"elementor-widget-container\">\n\t\t\t\t\t<h4 class=\"elementor-heading-title elementor-size-default\">Veau<\/h4>\t\t\t\t<\/div>\n\t\t\t\t<\/div>\n\t\t\t\t<div class=\"elementor-element elementor-element-6c00d13 elementor-widget elementor-widget-text-editor\" data-id=\"6c00d13\" data-element_type=\"widget\" data-e-type=\"widget\" data-widget_type=\"text-editor.default\">\n\t\t\t\t<div class=\"elementor-widget-container\">\n\t\t\t\t\t\t\t\t\t<p>La plus grande partie de notre viande de veau vient du Seeland et est abattue \u00e0 Grossaffoltern. Des courtes distances, des visages familiers sont le signe d\u2019une garantie de qualit\u00e9.&nbsp;<a href=\"\/fr\/notre-gamme\/viande-fraiche\/eisser-kalb\/\">\u2014 MEHR \u2014<\/a><\/p>\t\t\t\t\t\t\t\t<\/div>\n\t\t\t\t<\/div>\n\t\t\t\t<div class=\"elementor-element elementor-element-6598067 elementor-widget elementor-widget-heading\" data-id=\"6598067\" data-element_type=\"widget\" data-e-type=\"widget\" data-widget_type=\"heading.default\">\n\t\t\t\t<div class=\"elementor-widget-container\">\n\t\t\t\t\t<h4 class=\"elementor-heading-title elementor-size-default\">Porc<\/h4>\t\t\t\t<\/div>\n\t\t\t\t<\/div>\n\t\t\t\t<div class=\"elementor-element elementor-element-c07ea09 elementor-widget elementor-widget-text-editor\" data-id=\"c07ea09\" data-element_type=\"widget\" data-e-type=\"widget\" data-widget_type=\"text-editor.default\">\n\t\t\t\t<div class=\"elementor-widget-container\">\n\t\t\t\t\t\t\t\t\t<p>En outre, notre porc est stock\u00e9 encore tendre. Juteux, tendre et aromatique, vous remarquerez la diff\u00e9rence.<\/p>\t\t\t\t\t\t\t\t<\/div>\n\t\t\t\t<\/div>\n\t\t\t\t<div class=\"elementor-element elementor-element-b19737d elementor-widget elementor-widget-heading\" data-id=\"b19737d\" data-element_type=\"widget\" data-e-type=\"widget\" data-widget_type=\"heading.default\">\n\t\t\t\t<div class=\"elementor-widget-container\">\n\t\t\t\t\t<h4 class=\"elementor-heading-title elementor-size-default\">Agneau<\/h4>\t\t\t\t<\/div>\n\t\t\t\t<\/div>\n\t\t\t\t<div class=\"elementor-element elementor-element-a821912 elementor-widget elementor-widget-text-editor\" data-id=\"a821912\" data-element_type=\"widget\" data-e-type=\"widget\" data-widget_type=\"text-editor.default\">\n\t\t\t\t<div class=\"elementor-widget-container\">\n\t\t\t\t\t\t\t\t\t<p>Des racks et des entrec\u00f4tes d\u2019Australie. En outre, nous d\u00e9sossons chaque semaine un agneau du Seeland. Mmmmh.<\/p>\t\t\t\t\t\t\t\t<\/div>\n\t\t\t\t<\/div>\n\t\t\t\t<div class=\"elementor-element elementor-element-aa1fc27 elementor-widget elementor-widget-heading\" data-id=\"aa1fc27\" data-element_type=\"widget\" data-e-type=\"widget\" data-widget_type=\"heading.default\">\n\t\t\t\t<div class=\"elementor-widget-container\">\n\t\t\t\t\t<h4 class=\"elementor-heading-title elementor-size-default\">Cheval<\/h4>\t\t\t\t<\/div>\n\t\t\t\t<\/div>\n\t\t\t\t<div class=\"elementor-element elementor-element-974fb42 elementor-widget elementor-widget-text-editor\" data-id=\"974fb42\" data-element_type=\"widget\" data-e-type=\"widget\" data-widget_type=\"text-editor.default\">\n\t\t\t\t<div class=\"elementor-widget-container\">\n\t\t\t\t\t\t\t\t\t<p>Les d\u00e9licates entrec\u00f4tes viennent du Canada.<\/p>\t\t\t\t\t\t\t\t<\/div>\n\t\t\t\t<\/div>\n\t\t\t\t<div class=\"elementor-element elementor-element-a8e7a1e elementor-widget elementor-widget-heading\" data-id=\"a8e7a1e\" data-element_type=\"widget\" data-e-type=\"widget\" data-widget_type=\"heading.default\">\n\t\t\t\t<div class=\"elementor-widget-container\">\n\t\t\t\t\t<h4 class=\"elementor-heading-title elementor-size-default\">Poulet<\/h4>\t\t\t\t<\/div>\n\t\t\t\t<\/div>\n\t\t\t\t<div class=\"elementor-element elementor-element-f6011f2 elementor-widget elementor-widget-text-editor\" data-id=\"f6011f2\" data-element_type=\"widget\" data-e-type=\"widget\" data-widget_type=\"text-editor.default\">\n\t\t\t\t<div class=\"elementor-widget-container\">\n\t\t\t\t\t\t\t\t\t<p>Depuis environs 1995 nous achetons la viande de poulet chez Favorit SA \u00e0 Lyss. Chaque semaine, nous recevons 3-4 livraisons de viande de poulet. Chaque gramme de poulet peut-\u00eatre retrac\u00e9e jusqu\u2019 \u00e0 l\u2019agriculteur. Les \u0153ufs pour les poulets de la soci\u00e9t\u00e9 Favorit proviennent de l\u2019un des cinq parcs parentaux en Valais. Chacun des cinq parcs, poss\u00e8de six halles ou il y a un total de 15\u2019000 poules pondeuses. Les \u0153ufs sont \u00e9clos un jour particulier et sont transport\u00e9s \u00e0 la ferme d\u2019engraissement. C\u2019est environ la moiti\u00e9 des poulettes f\u00e9minin et masculin. Au d\u00e9but, les poulettes ne p\u00e8sent que 40g seulement, et elles vivent avec 34 \u00b0 C avec une humidit\u00e9 relative de 51%. <a href=\"\/unser-angebot\/frischfleisch\/pouletfleisch\/\">\u2014 MEHR \u2014<\/a><\/p>\t\t\t\t\t\t\t\t<\/div>\n\t\t\t\t<\/div>\n\t\t\t\t\t<\/div>\n\t\t<\/div>\n\t\t\t\t\t<\/div>\n\t\t<\/section>\n\t\t\t\t<section class=\"elementor-section elementor-top-section elementor-element elementor-element-283c49ea elementor-section-stretched elementor-section-boxed elementor-section-height-default elementor-section-height-default\" data-id=\"283c49ea\" data-element_type=\"section\" data-e-type=\"section\" data-settings=\"{&quot;stretch_section&quot;:&quot;section-stretched&quot;,&quot;background_background&quot;:&quot;gradient&quot;}\">\n\t\t\t\t\t\t<div class=\"elementor-container elementor-column-gap-wide\">\n\t\t\t\t\t<div class=\"elementor-column elementor-col-100 elementor-top-column elementor-element elementor-element-32bb2010\" data-id=\"32bb2010\" data-element_type=\"column\" data-e-type=\"column\">\n\t\t\t<div class=\"elementor-widget-wrap elementor-element-populated\">\n\t\t\t\t\t\t<div class=\"elementor-element elementor-element-61de6ed4 elementor-widget elementor-widget-spacer\" data-id=\"61de6ed4\" data-element_type=\"widget\" data-e-type=\"widget\" data-widget_type=\"spacer.default\">\n\t\t\t\t<div class=\"elementor-widget-container\">\n\t\t\t\t\t\t\t<div class=\"elementor-spacer\">\n\t\t\t<div class=\"elementor-spacer-inner\"><\/div>\n\t\t<\/div>\n\t\t\t\t\t\t<\/div>\n\t\t\t\t<\/div>\n\t\t\t\t\t<\/div>\n\t\t<\/div>\n\t\t\t\t\t<\/div>\n\t\t<\/section>\n\t\t\t\t<section class=\"elementor-section elementor-top-section elementor-element elementor-element-7e13664 elementor-section-stretched elementor-section-boxed elementor-section-height-default elementor-section-height-default\" data-id=\"7e13664\" data-element_type=\"section\" data-e-type=\"section\" data-settings=\"{&quot;stretch_section&quot;:&quot;section-stretched&quot;,&quot;background_background&quot;:&quot;classic&quot;}\">\n\t\t\t\t\t\t<div class=\"elementor-container elementor-column-gap-wide\">\n\t\t\t\t\t<div class=\"elementor-column elementor-col-100 elementor-top-column elementor-element elementor-element-386ad54\" data-id=\"386ad54\" data-element_type=\"column\" data-e-type=\"column\">\n\t\t\t<div class=\"elementor-widget-wrap elementor-element-populated\">\n\t\t\t\t\t\t<div class=\"elementor-element elementor-element-1c6e546 elementor-widget elementor-widget-corvex_h3_gallery\" data-id=\"1c6e546\" data-element_type=\"widget\" data-e-type=\"widget\" data-widget_type=\"corvex_h3_gallery.default\">\n\t\t\t\t<div class=\"elementor-widget-container\">\n\t\t\t\t\t        \n\t\t<!--Start Gallery Area--> \n\t\t<section class=\" gallery-area\">   \n\t\t\t<div class=\"container-fluid\">\n\t\t\t\t<div class=\"row\">\n\t\t\t\t    \t\t\t\t\t<!--Start single gallery box-->\n\t\t\t\t\t<div class=\"col-xl-2 col-lg-6 col-md-6\">\n\t\t\t\t\t\t<div class=\"single-gallery-item\">\n\t\t\t\t\t\t\t<div class=\"img-holder\">\n\t\t\t\t\t\t\t\t<img decoding=\"async\" src=\"https:\/\/www.metzgerei-haemmerli.ch\/wp-content\/uploads\/angebot_frischfleisch_rind.jpg\" alt=\"Rind\">\n\t\t\t\t\t\t\t\t<div class=\"zoom-button\">\n\t\t\t\t\t\t\t\t\t<a class=\"lightbox-image\" data-fancybox=\"gallery\" href=\"https:\/\/www.metzgerei-haemmerli.ch\/wp-content\/uploads\/angebot_frischfleisch_rind.jpg\">\n\t\t\t\t\t\t\t\t\t\t<i class=\"flaticon-plus\"><\/i>\n\t\t\t\t\t\t\t\t\t<\/a>\n\t\t\t\t\t\t\t\t<\/div>\n\t\t\t\t\t\t\t<\/div>    \n\t\t\t\t\t\t<\/div>\n\t\t\t\t\t<\/div>\n\t\t\t\t\t<!--End single gallery box-->\n\t\t\t\t\t\t\t\t\t\t<!--Start single gallery box-->\n\t\t\t\t\t<div class=\"col-xl-2 col-lg-6 col-md-6\">\n\t\t\t\t\t\t<div class=\"single-gallery-item\">\n\t\t\t\t\t\t\t<div class=\"img-holder\">\n\t\t\t\t\t\t\t\t<img decoding=\"async\" src=\"https:\/\/www.metzgerei-haemmerli.ch\/wp-content\/uploads\/angebot_frischfleisch_kalb.jpg\" alt=\"Kalb\">\n\t\t\t\t\t\t\t\t<div class=\"zoom-button\">\n\t\t\t\t\t\t\t\t\t<a class=\"lightbox-image\" data-fancybox=\"gallery\" href=\"https:\/\/www.metzgerei-haemmerli.ch\/wp-content\/uploads\/angebot_frischfleisch_kalb.jpg\">\n\t\t\t\t\t\t\t\t\t\t<i class=\"flaticon-plus\"><\/i>\n\t\t\t\t\t\t\t\t\t<\/a>\n\t\t\t\t\t\t\t\t<\/div>\n\t\t\t\t\t\t\t<\/div>    \n\t\t\t\t\t\t<\/div>\n\t\t\t\t\t<\/div>\n\t\t\t\t\t<!--End single gallery box-->\n\t\t\t\t\t\t\t\t\t\t<!--Start single gallery box-->\n\t\t\t\t\t<div class=\"col-xl-2 col-lg-6 col-md-6\">\n\t\t\t\t\t\t<div class=\"single-gallery-item\">\n\t\t\t\t\t\t\t<div class=\"img-holder\">\n\t\t\t\t\t\t\t\t<img decoding=\"async\" src=\"https:\/\/www.metzgerei-haemmerli.ch\/wp-content\/uploads\/angebot_frischfleisch_schwein.jpg\" alt=\"Shwein\">\n\t\t\t\t\t\t\t\t<div class=\"zoom-button\">\n\t\t\t\t\t\t\t\t\t<a class=\"lightbox-image\" data-fancybox=\"gallery\" href=\"https:\/\/www.metzgerei-haemmerli.ch\/wp-content\/uploads\/angebot_frischfleisch_schwein.jpg\">\n\t\t\t\t\t\t\t\t\t\t<i class=\"flaticon-plus\"><\/i>\n\t\t\t\t\t\t\t\t\t<\/a>\n\t\t\t\t\t\t\t\t<\/div>\n\t\t\t\t\t\t\t<\/div>    \n\t\t\t\t\t\t<\/div>\n\t\t\t\t\t<\/div>\n\t\t\t\t\t<!--End single gallery box-->\n\t\t\t\t\t\t\t\t\t\t<!--Start single gallery box-->\n\t\t\t\t\t<div class=\"col-xl-2 col-lg-6 col-md-6\">\n\t\t\t\t\t\t<div class=\"single-gallery-item\">\n\t\t\t\t\t\t\t<div class=\"img-holder\">\n\t\t\t\t\t\t\t\t<img decoding=\"async\" src=\"https:\/\/www.metzgerei-haemmerli.ch\/wp-content\/uploads\/angebot_frischfleisch_lamm.jpg\" alt=\"Lamm\">\n\t\t\t\t\t\t\t\t<div class=\"zoom-button\">\n\t\t\t\t\t\t\t\t\t<a class=\"lightbox-image\" data-fancybox=\"gallery\" href=\"https:\/\/www.metzgerei-haemmerli.ch\/wp-content\/uploads\/angebot_frischfleisch_lamm.jpg\">\n\t\t\t\t\t\t\t\t\t\t<i class=\"flaticon-plus\"><\/i>\n\t\t\t\t\t\t\t\t\t<\/a>\n\t\t\t\t\t\t\t\t<\/div>\n\t\t\t\t\t\t\t<\/div>    \n\t\t\t\t\t\t<\/div>\n\t\t\t\t\t<\/div>\n\t\t\t\t\t<!--End single gallery box-->\n\t\t\t\t\t\t\t\t\t\t<!--Start single gallery box-->\n\t\t\t\t\t<div class=\"col-xl-2 col-lg-6 col-md-6\">\n\t\t\t\t\t\t<div class=\"single-gallery-item\">\n\t\t\t\t\t\t\t<div class=\"img-holder\">\n\t\t\t\t\t\t\t\t<img decoding=\"async\" src=\"https:\/\/www.metzgerei-haemmerli.ch\/wp-content\/uploads\/angebot_frischfleisch_pferd.jpg\" alt=\"Pferd\">\n\t\t\t\t\t\t\t\t<div class=\"zoom-button\">\n\t\t\t\t\t\t\t\t\t<a class=\"lightbox-image\" data-fancybox=\"gallery\" href=\"https:\/\/www.metzgerei-haemmerli.ch\/wp-content\/uploads\/angebot_frischfleisch_pferd.jpg\">\n\t\t\t\t\t\t\t\t\t\t<i class=\"flaticon-plus\"><\/i>\n\t\t\t\t\t\t\t\t\t<\/a>\n\t\t\t\t\t\t\t\t<\/div>\n\t\t\t\t\t\t\t<\/div>    \n\t\t\t\t\t\t<\/div>\n\t\t\t\t\t<\/div>\n\t\t\t\t\t<!--End single gallery box-->\n\t\t\t\t\t\t\t\t\t\t<!--Start single gallery box-->\n\t\t\t\t\t<div class=\"col-xl-2 col-lg-6 col-md-6\">\n\t\t\t\t\t\t<div class=\"single-gallery-item\">\n\t\t\t\t\t\t\t<div class=\"img-holder\">\n\t\t\t\t\t\t\t\t<img decoding=\"async\" src=\"https:\/\/www.metzgerei-haemmerli.ch\/wp-content\/uploads\/poulet_stu\u0308cke.jpg\" alt=\"Pferd\">\n\t\t\t\t\t\t\t\t<div class=\"zoom-button\">\n\t\t\t\t\t\t\t\t\t<a class=\"lightbox-image\" data-fancybox=\"gallery\" href=\"https:\/\/www.metzgerei-haemmerli.ch\/wp-content\/uploads\/poulet_stu\u0308cke.jpg\">\n\t\t\t\t\t\t\t\t\t\t<i class=\"flaticon-plus\"><\/i>\n\t\t\t\t\t\t\t\t\t<\/a>\n\t\t\t\t\t\t\t\t<\/div>\n\t\t\t\t\t\t\t<\/div>    \n\t\t\t\t\t\t<\/div>\n\t\t\t\t\t<\/div>\n\t\t\t\t\t<!--End single gallery box-->\n\t\t\t\t\t\t\t\t\t<\/div>\n\t\t\t<\/div>\n\t\t<\/section>    \n\t\t<!--End Gallery Area-->\n             \n\t\t\t\t\t\t<\/div>\n\t\t\t\t<\/div>\n\t\t\t\t\t<\/div>\n\t\t<\/div>\n\t\t\t\t\t<\/div>\n\t\t<\/section>\n\t\t\t\t<\/div>\n\t\t","protected":false},"excerpt":{"rendered":"<p>Nur das Beste f\u00fcr unsere Kunden \u2014 Viande fra\u00eeche B\u0153uf De plus en plus les gens attachent une grande importance au d\u00e9veloppement durable, au bien-\u00eatre de l\u2019animal, \u00e0 la r\u00e9gion et aux courts transports pour les animaux pour la boucherie. Tout \u00e7a repr\u00e9sente le nom \u00abEisser Rind\u00bb. \u00abEiss\u00bb est le vieux nom de Ins, ce [&hellip;]<\/p>\n","protected":false},"author":1,"featured_media":0,"parent":5151,"menu_order":1,"comment_status":"closed","ping_status":"closed","template":"tpl-default-elementor.php","meta":{"footnotes":""},"class_list":["post-5154","page","type-page","status-publish","hentry"],"yoast_head":"<!-- This site is optimized with the Yoast SEO plugin v27.3 - https:\/\/yoast.com\/product\/yoast-seo-wordpress\/ -->\n<title>Viande Fra\u00eeche - Metzgerei H\u00e4mmerli<\/title>\n<meta name=\"robots\" content=\"index, follow, max-snippet:-1, max-image-preview:large, max-video-preview:-1\" \/>\n<link rel=\"canonical\" href=\"https:\/\/www.metzgerei-haemmerli.ch\/fr\/notre-gamme\/viande-fraiche\/\" \/>\n<meta property=\"og:locale\" content=\"fr_FR\" \/>\n<meta property=\"og:type\" content=\"article\" \/>\n<meta property=\"og:title\" content=\"Viande Fra\u00eeche - Metzgerei H\u00e4mmerli\" \/>\n<meta property=\"og:description\" content=\"Nur das Beste f\u00fcr unsere Kunden \u2014 Viande fra\u00eeche B\u0153uf De plus en plus les gens attachent une grande importance au d\u00e9veloppement durable, au bien-\u00eatre de l\u2019animal, \u00e0 la r\u00e9gion et aux courts transports pour les animaux pour la boucherie. Tout \u00e7a repr\u00e9sente le nom \u00abEisser Rind\u00bb. \u00abEiss\u00bb est le vieux nom de Ins, ce [&hellip;]\" \/>\n<meta property=\"og:url\" content=\"https:\/\/www.metzgerei-haemmerli.ch\/fr\/notre-gamme\/viande-fraiche\/\" \/>\n<meta property=\"og:site_name\" content=\"Metzgerei H\u00e4mmerli\" \/>\n<meta property=\"article:publisher\" content=\"https:\/\/www.facebook.com\/metzgerei.haemmerli\" \/>\n<meta property=\"article:modified_time\" content=\"2025-11-20T14:16:30+00:00\" \/>\n<meta property=\"og:image\" content=\"https:\/\/www.metzgerei-haemmerli.ch\/wp-content\/uploads\/angebot_frischfleisch_rind.jpg\" \/>\n<meta name=\"twitter:card\" content=\"summary_large_image\" \/>\n<meta name=\"twitter:label1\" content=\"Dur\u00e9e de lecture estim\u00e9e\" \/>\n\t<meta name=\"twitter:data1\" content=\"3 minutes\" \/>\n<script type=\"application\/ld+json\" class=\"yoast-schema-graph\">{\"@context\":\"https:\\\/\\\/schema.org\",\"@graph\":[{\"@type\":\"WebPage\",\"@id\":\"https:\\\/\\\/www.metzgerei-haemmerli.ch\\\/fr\\\/notre-gamme\\\/viande-fraiche\\\/\",\"url\":\"https:\\\/\\\/www.metzgerei-haemmerli.ch\\\/fr\\\/notre-gamme\\\/viande-fraiche\\\/\",\"name\":\"Viande Fra\u00eeche - Metzgerei H\u00e4mmerli\",\"isPartOf\":{\"@id\":\"https:\\\/\\\/www.metzgerei-haemmerli.ch\\\/fr\\\/#website\"},\"primaryImageOfPage\":{\"@id\":\"https:\\\/\\\/www.metzgerei-haemmerli.ch\\\/fr\\\/notre-gamme\\\/viande-fraiche\\\/#primaryimage\"},\"image\":{\"@id\":\"https:\\\/\\\/www.metzgerei-haemmerli.ch\\\/fr\\\/notre-gamme\\\/viande-fraiche\\\/#primaryimage\"},\"thumbnailUrl\":\"https:\\\/\\\/www.metzgerei-haemmerli.ch\\\/wp-content\\\/uploads\\\/angebot_frischfleisch_rind.jpg\",\"datePublished\":\"2022-09-06T08:22:18+00:00\",\"dateModified\":\"2025-11-20T14:16:30+00:00\",\"breadcrumb\":{\"@id\":\"https:\\\/\\\/www.metzgerei-haemmerli.ch\\\/fr\\\/notre-gamme\\\/viande-fraiche\\\/#breadcrumb\"},\"inLanguage\":\"fr-FR\",\"potentialAction\":[{\"@type\":\"ReadAction\",\"target\":[\"https:\\\/\\\/www.metzgerei-haemmerli.ch\\\/fr\\\/notre-gamme\\\/viande-fraiche\\\/\"]}]},{\"@type\":\"ImageObject\",\"inLanguage\":\"fr-FR\",\"@id\":\"https:\\\/\\\/www.metzgerei-haemmerli.ch\\\/fr\\\/notre-gamme\\\/viande-fraiche\\\/#primaryimage\",\"url\":\"https:\\\/\\\/www.metzgerei-haemmerli.ch\\\/wp-content\\\/uploads\\\/angebot_frischfleisch_rind.jpg\",\"contentUrl\":\"https:\\\/\\\/www.metzgerei-haemmerli.ch\\\/wp-content\\\/uploads\\\/angebot_frischfleisch_rind.jpg\"},{\"@type\":\"BreadcrumbList\",\"@id\":\"https:\\\/\\\/www.metzgerei-haemmerli.ch\\\/fr\\\/notre-gamme\\\/viande-fraiche\\\/#breadcrumb\",\"itemListElement\":[{\"@type\":\"ListItem\",\"position\":1,\"name\":\"Home\",\"item\":\"https:\\\/\\\/www.metzgerei-haemmerli.ch\\\/fr\\\/\"},{\"@type\":\"ListItem\",\"position\":2,\"name\":\"Notre Gamme\",\"item\":\"https:\\\/\\\/www.metzgerei-haemmerli.ch\\\/fr\\\/notre-gamme\\\/\"},{\"@type\":\"ListItem\",\"position\":3,\"name\":\"Viande Fra\u00eeche\"}]},{\"@type\":\"WebSite\",\"@id\":\"https:\\\/\\\/www.metzgerei-haemmerli.ch\\\/fr\\\/#website\",\"url\":\"https:\\\/\\\/www.metzgerei-haemmerli.ch\\\/fr\\\/\",\"name\":\"Metzgerei H\u00e4mmerli\",\"description\":\"Ihr Fachmann f\u00fcr guten Geschmack\",\"publisher\":{\"@id\":\"https:\\\/\\\/www.metzgerei-haemmerli.ch\\\/fr\\\/#organization\"},\"potentialAction\":[{\"@type\":\"SearchAction\",\"target\":{\"@type\":\"EntryPoint\",\"urlTemplate\":\"https:\\\/\\\/www.metzgerei-haemmerli.ch\\\/fr\\\/?s={search_term_string}\"},\"query-input\":{\"@type\":\"PropertyValueSpecification\",\"valueRequired\":true,\"valueName\":\"search_term_string\"}}],\"inLanguage\":\"fr-FR\"},{\"@type\":\"Organization\",\"@id\":\"https:\\\/\\\/www.metzgerei-haemmerli.ch\\\/fr\\\/#organization\",\"name\":\"Metzgerei H\u00e4mmerli\",\"url\":\"https:\\\/\\\/www.metzgerei-haemmerli.ch\\\/fr\\\/\",\"logo\":{\"@type\":\"ImageObject\",\"inLanguage\":\"fr-FR\",\"@id\":\"https:\\\/\\\/www.metzgerei-haemmerli.ch\\\/fr\\\/#\\\/schema\\\/logo\\\/image\\\/\",\"url\":\"https:\\\/\\\/www.metzgerei-haemmerli.ch\\\/wp-content\\\/uploads\\\/hammerli_logo_rosso_h200.png\",\"contentUrl\":\"https:\\\/\\\/www.metzgerei-haemmerli.ch\\\/wp-content\\\/uploads\\\/hammerli_logo_rosso_h200.png\",\"width\":919,\"height\":200,\"caption\":\"Metzgerei H\u00e4mmerli\"},\"image\":{\"@id\":\"https:\\\/\\\/www.metzgerei-haemmerli.ch\\\/fr\\\/#\\\/schema\\\/logo\\\/image\\\/\"},\"sameAs\":[\"https:\\\/\\\/www.facebook.com\\\/metzgerei.haemmerli\"]}]}<\/script>\n<!-- \/ Yoast SEO plugin. -->","yoast_head_json":{"title":"Viande Fra\u00eeche - Metzgerei H\u00e4mmerli","robots":{"index":"index","follow":"follow","max-snippet":"max-snippet:-1","max-image-preview":"max-image-preview:large","max-video-preview":"max-video-preview:-1"},"canonical":"https:\/\/www.metzgerei-haemmerli.ch\/fr\/notre-gamme\/viande-fraiche\/","og_locale":"fr_FR","og_type":"article","og_title":"Viande Fra\u00eeche - Metzgerei H\u00e4mmerli","og_description":"Nur das Beste f\u00fcr unsere Kunden \u2014 Viande fra\u00eeche B\u0153uf De plus en plus les gens attachent une grande importance au d\u00e9veloppement durable, au bien-\u00eatre de l\u2019animal, \u00e0 la r\u00e9gion et aux courts transports pour les animaux pour la boucherie. Tout \u00e7a repr\u00e9sente le nom \u00abEisser Rind\u00bb. \u00abEiss\u00bb est le vieux nom de Ins, ce [&hellip;]","og_url":"https:\/\/www.metzgerei-haemmerli.ch\/fr\/notre-gamme\/viande-fraiche\/","og_site_name":"Metzgerei H\u00e4mmerli","article_publisher":"https:\/\/www.facebook.com\/metzgerei.haemmerli","article_modified_time":"2025-11-20T14:16:30+00:00","og_image":[{"url":"https:\/\/www.metzgerei-haemmerli.ch\/wp-content\/uploads\/angebot_frischfleisch_rind.jpg","type":"","width":"","height":""}],"twitter_card":"summary_large_image","twitter_misc":{"Dur\u00e9e de lecture estim\u00e9e":"3 minutes"},"schema":{"@context":"https:\/\/schema.org","@graph":[{"@type":"WebPage","@id":"https:\/\/www.metzgerei-haemmerli.ch\/fr\/notre-gamme\/viande-fraiche\/","url":"https:\/\/www.metzgerei-haemmerli.ch\/fr\/notre-gamme\/viande-fraiche\/","name":"Viande Fra\u00eeche - Metzgerei H\u00e4mmerli","isPartOf":{"@id":"https:\/\/www.metzgerei-haemmerli.ch\/fr\/#website"},"primaryImageOfPage":{"@id":"https:\/\/www.metzgerei-haemmerli.ch\/fr\/notre-gamme\/viande-fraiche\/#primaryimage"},"image":{"@id":"https:\/\/www.metzgerei-haemmerli.ch\/fr\/notre-gamme\/viande-fraiche\/#primaryimage"},"thumbnailUrl":"https:\/\/www.metzgerei-haemmerli.ch\/wp-content\/uploads\/angebot_frischfleisch_rind.jpg","datePublished":"2022-09-06T08:22:18+00:00","dateModified":"2025-11-20T14:16:30+00:00","breadcrumb":{"@id":"https:\/\/www.metzgerei-haemmerli.ch\/fr\/notre-gamme\/viande-fraiche\/#breadcrumb"},"inLanguage":"fr-FR","potentialAction":[{"@type":"ReadAction","target":["https:\/\/www.metzgerei-haemmerli.ch\/fr\/notre-gamme\/viande-fraiche\/"]}]},{"@type":"ImageObject","inLanguage":"fr-FR","@id":"https:\/\/www.metzgerei-haemmerli.ch\/fr\/notre-gamme\/viande-fraiche\/#primaryimage","url":"https:\/\/www.metzgerei-haemmerli.ch\/wp-content\/uploads\/angebot_frischfleisch_rind.jpg","contentUrl":"https:\/\/www.metzgerei-haemmerli.ch\/wp-content\/uploads\/angebot_frischfleisch_rind.jpg"},{"@type":"BreadcrumbList","@id":"https:\/\/www.metzgerei-haemmerli.ch\/fr\/notre-gamme\/viande-fraiche\/#breadcrumb","itemListElement":[{"@type":"ListItem","position":1,"name":"Home","item":"https:\/\/www.metzgerei-haemmerli.ch\/fr\/"},{"@type":"ListItem","position":2,"name":"Notre Gamme","item":"https:\/\/www.metzgerei-haemmerli.ch\/fr\/notre-gamme\/"},{"@type":"ListItem","position":3,"name":"Viande Fra\u00eeche"}]},{"@type":"WebSite","@id":"https:\/\/www.metzgerei-haemmerli.ch\/fr\/#website","url":"https:\/\/www.metzgerei-haemmerli.ch\/fr\/","name":"Metzgerei H\u00e4mmerli","description":"Ihr Fachmann f\u00fcr guten Geschmack","publisher":{"@id":"https:\/\/www.metzgerei-haemmerli.ch\/fr\/#organization"},"potentialAction":[{"@type":"SearchAction","target":{"@type":"EntryPoint","urlTemplate":"https:\/\/www.metzgerei-haemmerli.ch\/fr\/?s={search_term_string}"},"query-input":{"@type":"PropertyValueSpecification","valueRequired":true,"valueName":"search_term_string"}}],"inLanguage":"fr-FR"},{"@type":"Organization","@id":"https:\/\/www.metzgerei-haemmerli.ch\/fr\/#organization","name":"Metzgerei H\u00e4mmerli","url":"https:\/\/www.metzgerei-haemmerli.ch\/fr\/","logo":{"@type":"ImageObject","inLanguage":"fr-FR","@id":"https:\/\/www.metzgerei-haemmerli.ch\/fr\/#\/schema\/logo\/image\/","url":"https:\/\/www.metzgerei-haemmerli.ch\/wp-content\/uploads\/hammerli_logo_rosso_h200.png","contentUrl":"https:\/\/www.metzgerei-haemmerli.ch\/wp-content\/uploads\/hammerli_logo_rosso_h200.png","width":919,"height":200,"caption":"Metzgerei H\u00e4mmerli"},"image":{"@id":"https:\/\/www.metzgerei-haemmerli.ch\/fr\/#\/schema\/logo\/image\/"},"sameAs":["https:\/\/www.facebook.com\/metzgerei.haemmerli"]}]}},"_links":{"self":[{"href":"https:\/\/www.metzgerei-haemmerli.ch\/fr\/wp-json\/wp\/v2\/pages\/5154","targetHints":{"allow":["GET"]}}],"collection":[{"href":"https:\/\/www.metzgerei-haemmerli.ch\/fr\/wp-json\/wp\/v2\/pages"}],"about":[{"href":"https:\/\/www.metzgerei-haemmerli.ch\/fr\/wp-json\/wp\/v2\/types\/page"}],"author":[{"embeddable":true,"href":"https:\/\/www.metzgerei-haemmerli.ch\/fr\/wp-json\/wp\/v2\/users\/1"}],"replies":[{"embeddable":true,"href":"https:\/\/www.metzgerei-haemmerli.ch\/fr\/wp-json\/wp\/v2\/comments?post=5154"}],"version-history":[{"count":20,"href":"https:\/\/www.metzgerei-haemmerli.ch\/fr\/wp-json\/wp\/v2\/pages\/5154\/revisions"}],"predecessor-version":[{"id":8436,"href":"https:\/\/www.metzgerei-haemmerli.ch\/fr\/wp-json\/wp\/v2\/pages\/5154\/revisions\/8436"}],"up":[{"embeddable":true,"href":"https:\/\/www.metzgerei-haemmerli.ch\/fr\/wp-json\/wp\/v2\/pages\/5151"}],"wp:attachment":[{"href":"https:\/\/www.metzgerei-haemmerli.ch\/fr\/wp-json\/wp\/v2\/media?parent=5154"}],"curies":[{"name":"wp","href":"https:\/\/api.w.org\/{rel}","templated":true}]}}